{"id":9637,"date":"2020-06-12T15:28:10","date_gmt":"2020-06-12T18:28:10","guid":{"rendered":"http:\/\/www.diocesesaoluis.org.br\/home\/?page_id=9637"},"modified":"2020-06-12T15:29:52","modified_gmt":"2020-06-12T18:29:52","slug":"movimentos","status":"publish","type":"page","link":"https:\/\/www.diocesesaoluis.org.br\/home\/movimentos\/","title":{"rendered":"Movimentos"},"content":{"rendered":"\n[vc_row][vc_column width=&#8221;1\/1&#8243;]\r\n<div class=\"block-wrap term-wrap-219\">\r\n\t\r\n\t\t\t\r\n\t\t<h4 class=\"section-head cf cat-border-219\">\r\n\t\t\t<span class=\"title\"><a href=\"https:\/\/www.diocesesaoluis.org.br\/home\/category\/movimentos\/\">Movimentos<\/a><\/span>\r\n\t\t\t\r\n\t\t\t\t\t\t\t<a href=\"https:\/\/www.diocesesaoluis.org.br\/home\/category\/movimentos\/\" class=\"more\">View all <i class=\"fa fa-caret-right\"><\/i><\/a>\r\n\t\t\t\t\t\t\r\n\t\t\t\t\t\r\n\t\t\t\t\t<\/h4>\r\n\r\n\t\t\r\n\t\t\r\n\t\t\t\r\n\t\r\n\t<div class=\"ts-row posts-grid listing-grid grid-3 \">\r\n\t\t\r\n\t\t\t\t\t\r\n\t\t<div class=\"column one-third\">\r\n\t\t\r\n\t\t\t<article class=\"post-16432 post type-post status-publish format-standard has-post-thumbnail category-bispo-diocesano category-movimentos tag-maes-que-oram-pelos-filhos\" itemscope itemtype=\"http:\/\/schema.org\/Article\">\r\n\t\t\t\t\r\n\t\t\t\t<a href=\"https:\/\/www.diocesesaoluis.org.br\/home\/2023\/05\/24\/movimento-maes-que-oram-pelos-filhos-promove-1o-encontro-diocesano\/\" class=\"image-link\">\r\n\t\t\t\t\t<img loading=\"lazy\" decoding=\"async\" width=\"359\" height=\"201\" src=\"https:\/\/www.diocesesaoluis.org.br\/home\/wp-content\/uploads\/2023\/05\/WhatsApp-Image-2023-05-22-at-21.09.57-359x201.jpeg\" class=\"image wp-post-image\" alt=\"\" title=\"Movimento &#8220;M\u00e3es que oram pelos filhos&#8221; promove 1\u00ba Encontro Diocesano\" itemprop=\"image\" \/>\t\t\t\t\t\r\n\t\t\t\t\t\t\t\t<span class=\"image-overlay\"><\/span>\r\n\t\t\t\r\n\t\t\t<span class=\"meta-overlay\">\r\n\t\t\t\t<span class=\"meta\">\r\n\t\t\t\t\r\n\t\t\t\t<span class=\"post-format \"><i class=\"fa fa-file-text-o\"><\/i><\/span>\r\n\t\t\t\t\r\n\t\t\t\t<\/span>\r\n\t\t\t<\/span>\r\n\t\t\t\t\t\t<\/a>\r\n\t\t\t\t\r\n\t\t\t\t<div class=\"meta\">\r\n\r\n\t\t\t\t\t<span class=\"listing-meta\"><a href=\"https:\/\/www.diocesesaoluis.org.br\/home\/category\/bispo-diocesano\/\" class=\"category main-color cat-color-6\">Bispo Diocesano<\/a><time datetime=\"\" itemprop=\"datePublished\"><\/time><\/span>\t\t\t\t\t\t\r\n\t\t\t\t\t\t\t\t<a href=\"https:\/\/www.diocesesaoluis.org.br\/home\/2023\/05\/24\/movimento-maes-que-oram-pelos-filhos-promove-1o-encontro-diocesano\/#respond\"><span class=\"comment-count\">0<\/span><\/a>\r\n\t\t\t\t\t\t\t\r\n\t\t\t\t<\/div>\r\n\t\t\t\t\r\n\t\t\t\t<h2 itemprop=\"name\"><a href=\"https:\/\/www.diocesesaoluis.org.br\/home\/2023\/05\/24\/movimento-maes-que-oram-pelos-filhos-promove-1o-encontro-diocesano\/\" itemprop=\"url\" class=\"post-link\">Movimento &#8220;M\u00e3es que oram pelos filhos&#8221; promove 1\u00ba Encontro Diocesano<\/a><\/h2>\r\n\t\t\t\t\r\n\t\t\t\t<div class=\"excerpt text-font\"><p><span class=\"read-more arrow\"><a href=\"https:\/\/www.diocesesaoluis.org.br\/home\/2023\/05\/24\/movimento-maes-que-oram-pelos-filhos-promove-1o-encontro-diocesano\/\" title=\"Read More\">&rarr;<\/a><\/span><\/p>\n<\/div>\r\n\t\t\t\r\n\t\t\t<\/article>\r\n\t\t<\/div>\r\n\t\t\t\r\n\t\t\t\t\t\r\n\t\t<div class=\"column one-third\">\r\n\t\t\r\n\t\t\t<article class=\"post-16371 post type-post status-publish format-standard has-post-thumbnail category-movimentos tag-maes-que-oram-pelos-filhos\" itemscope itemtype=\"http:\/\/schema.org\/Article\">\r\n\t\t\t\t\r\n\t\t\t\t<a href=\"https:\/\/www.diocesesaoluis.org.br\/home\/2023\/05\/20\/movimento-maes-que-oram-pelos-filhos-promovera-1o-encontro-diocesano\/\" class=\"image-link\">\r\n\t\t\t\t\t<img loading=\"lazy\" decoding=\"async\" width=\"359\" height=\"201\" src=\"https:\/\/www.diocesesaoluis.org.br\/home\/wp-content\/uploads\/2023\/05\/MAES_QUE_ORAM-359x201.jpeg\" class=\"image wp-post-image\" alt=\"\" title=\"Movimento &#8220;M\u00e3es que oram pelos filhos&#8221; promover\u00e1 1\u00ba Encontro Diocesano\" itemprop=\"image\" \/>\t\t\t\t\t\r\n\t\t\t\t\t\t\t\t<span class=\"image-overlay\"><\/span>\r\n\t\t\t\r\n\t\t\t<span class=\"meta-overlay\">\r\n\t\t\t\t<span class=\"meta\">\r\n\t\t\t\t\r\n\t\t\t\t<span class=\"post-format \"><i class=\"fa fa-file-text-o\"><\/i><\/span>\r\n\t\t\t\t\r\n\t\t\t\t<\/span>\r\n\t\t\t<\/span>\r\n\t\t\t\t\t\t<\/a>\r\n\t\t\t\t\r\n\t\t\t\t<div class=\"meta\">\r\n\r\n\t\t\t\t\t<span class=\"listing-meta\"><a href=\"https:\/\/www.diocesesaoluis.org.br\/home\/category\/movimentos\/\" class=\"category main-color cat-color-219\">Movimentos<\/a><time datetime=\"\" itemprop=\"datePublished\"><\/time><\/span>\t\t\t\t\t\t\r\n\t\t\t\t\t\t\t\t<a href=\"https:\/\/www.diocesesaoluis.org.br\/home\/2023\/05\/20\/movimento-maes-que-oram-pelos-filhos-promovera-1o-encontro-diocesano\/#respond\"><span class=\"comment-count\">0<\/span><\/a>\r\n\t\t\t\t\t\t\t\r\n\t\t\t\t<\/div>\r\n\t\t\t\t\r\n\t\t\t\t<h2 itemprop=\"name\"><a href=\"https:\/\/www.diocesesaoluis.org.br\/home\/2023\/05\/20\/movimento-maes-que-oram-pelos-filhos-promovera-1o-encontro-diocesano\/\" itemprop=\"url\" class=\"post-link\">Movimento &#8220;M\u00e3es que oram pelos filhos&#8221; promover\u00e1 1\u00ba Encontro Diocesano<\/a><\/h2>\r\n\t\t\t\t\r\n\t\t\t\t<div class=\"excerpt text-font\"><p><span class=\"read-more arrow\"><a href=\"https:\/\/www.diocesesaoluis.org.br\/home\/2023\/05\/20\/movimento-maes-que-oram-pelos-filhos-promovera-1o-encontro-diocesano\/\" title=\"Read More\">&rarr;<\/a><\/span><\/p>\n<\/div>\r\n\t\t\t\r\n\t\t\t<\/article>\r\n\t\t<\/div>\r\n\t\t\t\r\n\t\t\t\t\t\r\n\t\t<div class=\"column one-third\">\r\n\t\t\r\n\t\t\t<article class=\"post-15556 post type-post status-publish format-standard has-post-thumbnail category-movimentos\" itemscope itemtype=\"http:\/\/schema.org\/Article\">\r\n\t\t\t\t\r\n\t\t\t\t<a href=\"https:\/\/www.diocesesaoluis.org.br\/home\/2023\/03\/09\/acampamento-maanaim-divulga-datas-para-2023\/\" class=\"image-link\">\r\n\t\t\t\t\t<img loading=\"lazy\" decoding=\"async\" width=\"359\" height=\"201\" src=\"https:\/\/www.diocesesaoluis.org.br\/home\/wp-content\/uploads\/2023\/01\/67182674_2301193099934715_8264402832904421376_n-359x201.png\" class=\"image wp-post-image\" alt=\"\" title=\"Acampamento Maanaim divulga datas para 2023\" itemprop=\"image\" \/>\t\t\t\t\t\r\n\t\t\t\t\t\t\t\t<span class=\"image-overlay\"><\/span>\r\n\t\t\t\r\n\t\t\t<span class=\"meta-overlay\">\r\n\t\t\t\t<span class=\"meta\">\r\n\t\t\t\t\r\n\t\t\t\t<span class=\"post-format \"><i class=\"fa fa-file-text-o\"><\/i><\/span>\r\n\t\t\t\t\r\n\t\t\t\t<\/span>\r\n\t\t\t<\/span>\r\n\t\t\t\t\t\t<\/a>\r\n\t\t\t\t\r\n\t\t\t\t<div class=\"meta\">\r\n\r\n\t\t\t\t\t<span class=\"listing-meta\"><a href=\"https:\/\/www.diocesesaoluis.org.br\/home\/category\/movimentos\/\" class=\"category main-color cat-color-219\">Movimentos<\/a><time datetime=\"\" itemprop=\"datePublished\"><\/time><\/span>\t\t\t\t\t\t\r\n\t\t\t\t\t\t\t\t<a href=\"https:\/\/www.diocesesaoluis.org.br\/home\/2023\/03\/09\/acampamento-maanaim-divulga-datas-para-2023\/#respond\"><span class=\"comment-count\">0<\/span><\/a>\r\n\t\t\t\t\t\t\t\r\n\t\t\t\t<\/div>\r\n\t\t\t\t\r\n\t\t\t\t<h2 itemprop=\"name\"><a href=\"https:\/\/www.diocesesaoluis.org.br\/home\/2023\/03\/09\/acampamento-maanaim-divulga-datas-para-2023\/\" itemprop=\"url\" class=\"post-link\">Acampamento Maanaim divulga datas para 2023<\/a><\/h2>\r\n\t\t\t\t\r\n\t\t\t\t<div class=\"excerpt text-font\"><p><span class=\"read-more arrow\"><a href=\"https:\/\/www.diocesesaoluis.org.br\/home\/2023\/03\/09\/acampamento-maanaim-divulga-datas-para-2023\/\" title=\"Read More\">&rarr;<\/a><\/span><\/p>\n<\/div>\r\n\t\t\t\r\n\t\t\t<\/article>\r\n\t\t<\/div>\r\n\t\t\t\r\n\t\t\t\t\t\r\n\t\t<div class=\"column one-third\">\r\n\t\t\r\n\t\t\t<article class=\"post-15461 post type-post status-publish format-standard has-post-thumbnail category-movimentos\" itemscope itemtype=\"http:\/\/schema.org\/Article\">\r\n\t\t\t\t\r\n\t\t\t\t<a href=\"https:\/\/www.diocesesaoluis.org.br\/home\/2022\/12\/02\/diocese-e-representada-no-encontro-regional-das-cebs\/\" class=\"image-link\">\r\n\t\t\t\t\t<img loading=\"lazy\" decoding=\"async\" width=\"359\" height=\"201\" src=\"https:\/\/www.diocesesaoluis.org.br\/home\/wp-content\/uploads\/2022\/12\/WhatsApp-Image-2022-11-30-at-12.00.38-1-359x201.jpeg\" class=\"image wp-post-image\" alt=\"\" title=\"Diocese \u00e9 representada no Encontro Regional das CEBs\" itemprop=\"image\" \/>\t\t\t\t\t\r\n\t\t\t\t\t\t\t\t<span class=\"image-overlay\"><\/span>\r\n\t\t\t\r\n\t\t\t<span class=\"meta-overlay\">\r\n\t\t\t\t<span class=\"meta\">\r\n\t\t\t\t\r\n\t\t\t\t<span class=\"post-format \"><i class=\"fa fa-file-text-o\"><\/i><\/span>\r\n\t\t\t\t\r\n\t\t\t\t<\/span>\r\n\t\t\t<\/span>\r\n\t\t\t\t\t\t<\/a>\r\n\t\t\t\t\r\n\t\t\t\t<div class=\"meta\">\r\n\r\n\t\t\t\t\t<span class=\"listing-meta\"><a href=\"https:\/\/www.diocesesaoluis.org.br\/home\/category\/movimentos\/\" class=\"category main-color cat-color-219\">Movimentos<\/a><time datetime=\"\" itemprop=\"datePublished\"><\/time><\/span>\t\t\t\t\t\t\r\n\t\t\t\t\t\t\t\t<a href=\"https:\/\/www.diocesesaoluis.org.br\/home\/2022\/12\/02\/diocese-e-representada-no-encontro-regional-das-cebs\/#respond\"><span class=\"comment-count\">0<\/span><\/a>\r\n\t\t\t\t\t\t\t\r\n\t\t\t\t<\/div>\r\n\t\t\t\t\r\n\t\t\t\t<h2 itemprop=\"name\"><a href=\"https:\/\/www.diocesesaoluis.org.br\/home\/2022\/12\/02\/diocese-e-representada-no-encontro-regional-das-cebs\/\" itemprop=\"url\" class=\"post-link\">Diocese \u00e9 representada no Encontro Regional das CEBs<\/a><\/h2>\r\n\t\t\t\t\r\n\t\t\t\t<div class=\"excerpt text-font\"><p><span class=\"read-more arrow\"><a href=\"https:\/\/www.diocesesaoluis.org.br\/home\/2022\/12\/02\/diocese-e-representada-no-encontro-regional-das-cebs\/\" title=\"Read More\">&rarr;<\/a><\/span><\/p>\n<\/div>\r\n\t\t\t\r\n\t\t\t<\/article>\r\n\t\t<\/div>\r\n\t\t\t\r\n\t\t\t\t\t\r\n\t\t<div class=\"column one-third\">\r\n\t\t\r\n\t\t\t<article class=\"post-15229 post type-post status-publish format-standard has-post-thumbnail category-movimentos tag-dnj\" itemscope itemtype=\"http:\/\/schema.org\/Article\">\r\n\t\t\t\t\r\n\t\t\t\t<a href=\"https:\/\/www.diocesesaoluis.org.br\/home\/2022\/10\/22\/dnj-sera-realizado-em-05-de-novembro\/\" class=\"image-link\">\r\n\t\t\t\t\t<img loading=\"lazy\" decoding=\"async\" width=\"359\" height=\"201\" src=\"https:\/\/www.diocesesaoluis.org.br\/home\/wp-content\/uploads\/2022\/10\/DIA-NACIONAL-DA-JUVENTUDE-1206x410-1-359x201.png\" class=\"image wp-post-image\" alt=\"\" title=\"DNJ ser\u00e1 realizado em 05 de novembro\" itemprop=\"image\" \/>\t\t\t\t\t\r\n\t\t\t\t\t\t\t\t<span class=\"image-overlay\"><\/span>\r\n\t\t\t\r\n\t\t\t<span class=\"meta-overlay\">\r\n\t\t\t\t<span class=\"meta\">\r\n\t\t\t\t\r\n\t\t\t\t<span class=\"post-format \"><i class=\"fa fa-file-text-o\"><\/i><\/span>\r\n\t\t\t\t\r\n\t\t\t\t<\/span>\r\n\t\t\t<\/span>\r\n\t\t\t\t\t\t<\/a>\r\n\t\t\t\t\r\n\t\t\t\t<div class=\"meta\">\r\n\r\n\t\t\t\t\t<span class=\"listing-meta\"><a href=\"https:\/\/www.diocesesaoluis.org.br\/home\/category\/movimentos\/\" class=\"category main-color cat-color-219\">Movimentos<\/a><time datetime=\"\" itemprop=\"datePublished\"><\/time><\/span>\t\t\t\t\t\t\r\n\t\t\t\t\t\t\t\t<a href=\"https:\/\/www.diocesesaoluis.org.br\/home\/2022\/10\/22\/dnj-sera-realizado-em-05-de-novembro\/#respond\"><span class=\"comment-count\">0<\/span><\/a>\r\n\t\t\t\t\t\t\t\r\n\t\t\t\t<\/div>\r\n\t\t\t\t\r\n\t\t\t\t<h2 itemprop=\"name\"><a href=\"https:\/\/www.diocesesaoluis.org.br\/home\/2022\/10\/22\/dnj-sera-realizado-em-05-de-novembro\/\" itemprop=\"url\" class=\"post-link\">DNJ ser\u00e1 realizado em 05 de novembro<\/a><\/h2>\r\n\t\t\t\t\r\n\t\t\t\t<div class=\"excerpt text-font\"><p><span class=\"read-more arrow\"><a href=\"https:\/\/www.diocesesaoluis.org.br\/home\/2022\/10\/22\/dnj-sera-realizado-em-05-de-novembro\/\" title=\"Read More\">&rarr;<\/a><\/span><\/p>\n<\/div>\r\n\t\t\t\r\n\t\t\t<\/article>\r\n\t\t<\/div>\r\n\t\t\t\r\n\t\t\t\t\t\r\n\t\t<div class=\"column one-third\">\r\n\t\t\r\n\t\t\t<article class=\"post-11285 post type-post status-publish format-standard has-post-thumbnail category-movimentos tag-50-anos tag-cursilho\" itemscope itemtype=\"http:\/\/schema.org\/Article\">\r\n\t\t\t\t\r\n\t\t\t\t<a href=\"https:\/\/www.diocesesaoluis.org.br\/home\/2021\/01\/25\/movimento-do-cursilho-comemora-50-anos-de-evangelizacao\/\" class=\"image-link\">\r\n\t\t\t\t\t<img loading=\"lazy\" decoding=\"async\" width=\"359\" height=\"201\" src=\"https:\/\/www.diocesesaoluis.org.br\/home\/wp-content\/uploads\/2021\/01\/images-4-359x201.jpeg\" class=\"image wp-post-image\" alt=\"\" title=\"Movimento do Cursilho comemora 50 anos de evangeliza\u00e7\u00e3o\" itemprop=\"image\" \/>\t\t\t\t\t\r\n\t\t\t\t\t\t\t\t<span class=\"image-overlay\"><\/span>\r\n\t\t\t\r\n\t\t\t<span class=\"meta-overlay\">\r\n\t\t\t\t<span class=\"meta\">\r\n\t\t\t\t\r\n\t\t\t\t<span class=\"post-format \"><i class=\"fa fa-file-text-o\"><\/i><\/span>\r\n\t\t\t\t\r\n\t\t\t\t<\/span>\r\n\t\t\t<\/span>\r\n\t\t\t\t\t\t<\/a>\r\n\t\t\t\t\r\n\t\t\t\t<div class=\"meta\">\r\n\r\n\t\t\t\t\t<span class=\"listing-meta\"><a href=\"https:\/\/www.diocesesaoluis.org.br\/home\/category\/movimentos\/\" class=\"category main-color cat-color-219\">Movimentos<\/a><time datetime=\"\" itemprop=\"datePublished\"><\/time><\/span>\t\t\t\t\t\t\r\n\t\t\t\t\t\t\t\t<a href=\"https:\/\/www.diocesesaoluis.org.br\/home\/2021\/01\/25\/movimento-do-cursilho-comemora-50-anos-de-evangelizacao\/#respond\"><span class=\"comment-count\">0<\/span><\/a>\r\n\t\t\t\t\t\t\t\r\n\t\t\t\t<\/div>\r\n\t\t\t\t\r\n\t\t\t\t<h2 itemprop=\"name\"><a href=\"https:\/\/www.diocesesaoluis.org.br\/home\/2021\/01\/25\/movimento-do-cursilho-comemora-50-anos-de-evangelizacao\/\" itemprop=\"url\" class=\"post-link\">Movimento do Cursilho comemora 50 anos de evangeliza\u00e7\u00e3o<\/a><\/h2>\r\n\t\t\t\t\r\n\t\t\t\t<div class=\"excerpt text-font\"><p><span class=\"read-more arrow\"><a href=\"https:\/\/www.diocesesaoluis.org.br\/home\/2021\/01\/25\/movimento-do-cursilho-comemora-50-anos-de-evangelizacao\/\" title=\"Read More\">&rarr;<\/a><\/span><\/p>\n<\/div>\r\n\t\t\t\r\n\t\t\t<\/article>\r\n\t\t<\/div>\r\n\t\t\t\r\n\t\t\t\t\t\r\n\t\t<div class=\"column one-third\">\r\n\t\t\r\n\t\t\t<article class=\"post-9656 post type-post status-publish format-standard has-post-thumbnail category-movimentos\" itemscope itemtype=\"http:\/\/schema.org\/Article\">\r\n\t\t\t\t\r\n\t\t\t\t<a href=\"https:\/\/www.diocesesaoluis.org.br\/home\/2020\/05\/06\/apostolado-da-oracao\/\" class=\"image-link\">\r\n\t\t\t\t\t<img loading=\"lazy\" decoding=\"async\" width=\"135\" height=\"100\" src=\"https:\/\/www.diocesesaoluis.org.br\/home\/wp-content\/uploads\/2020\/06\/apostolado2-135x100-1.jpg\" class=\"image wp-post-image\" alt=\"\" title=\"APOSTOLADO DA ORA\u00c7\u00c3O\" itemprop=\"image\" \/>\t\t\t\t\t\r\n\t\t\t\t\t\t\t\t<span class=\"image-overlay\"><\/span>\r\n\t\t\t\r\n\t\t\t<span class=\"meta-overlay\">\r\n\t\t\t\t<span class=\"meta\">\r\n\t\t\t\t\r\n\t\t\t\t<span class=\"post-format \"><i class=\"fa fa-file-text-o\"><\/i><\/span>\r\n\t\t\t\t\r\n\t\t\t\t<\/span>\r\n\t\t\t<\/span>\r\n\t\t\t\t\t\t<\/a>\r\n\t\t\t\t\r\n\t\t\t\t<div class=\"meta\">\r\n\r\n\t\t\t\t\t<span class=\"listing-meta\"><a href=\"https:\/\/www.diocesesaoluis.org.br\/home\/category\/movimentos\/\" class=\"category main-color cat-color-219\">Movimentos<\/a><time datetime=\"\" itemprop=\"datePublished\"><\/time><\/span>\t\t\t\t\t\t\r\n\t\t\t\t\t\t\t\t<a href=\"https:\/\/www.diocesesaoluis.org.br\/home\/2020\/05\/06\/apostolado-da-oracao\/#respond\"><span class=\"comment-count\">0<\/span><\/a>\r\n\t\t\t\t\t\t\t\r\n\t\t\t\t<\/div>\r\n\t\t\t\t\r\n\t\t\t\t<h2 itemprop=\"name\"><a href=\"https:\/\/www.diocesesaoluis.org.br\/home\/2020\/05\/06\/apostolado-da-oracao\/\" itemprop=\"url\" class=\"post-link\">APOSTOLADO DA ORA\u00c7\u00c3O<\/a><\/h2>\r\n\t\t\t\t\r\n\t\t\t\t<div class=\"excerpt text-font\"><p><span class=\"read-more arrow\"><a href=\"https:\/\/www.diocesesaoluis.org.br\/home\/2020\/05\/06\/apostolado-da-oracao\/\" title=\"Read More\">&rarr;<\/a><\/span><\/p>\n<\/div>\r\n\t\t\t\r\n\t\t\t<\/article>\r\n\t\t<\/div>\r\n\t\t\t\r\n\t\t\t\t\t\r\n\t\t<div class=\"column one-third\">\r\n\t\t\r\n\t\t\t<article class=\"post-9652 post type-post status-publish format-standard has-post-thumbnail category-movimentos\" itemscope itemtype=\"http:\/\/schema.org\/Article\">\r\n\t\t\t\t\r\n\t\t\t\t<a href=\"https:\/\/www.diocesesaoluis.org.br\/home\/2020\/05\/06\/escola-biblica-diocesana\/\" class=\"image-link\">\r\n\t\t\t\t\t<img loading=\"lazy\" decoding=\"async\" width=\"135\" height=\"100\" src=\"https:\/\/www.diocesesaoluis.org.br\/home\/wp-content\/uploads\/2020\/06\/liturgia-1-135x100-1.jpg\" class=\"image wp-post-image\" alt=\"\" title=\"ESCOLA B\u00cdBLICA DIOCESANA\" itemprop=\"image\" \/>\t\t\t\t\t\r\n\t\t\t\t\t\t\t\t<span class=\"image-overlay\"><\/span>\r\n\t\t\t\r\n\t\t\t<span class=\"meta-overlay\">\r\n\t\t\t\t<span class=\"meta\">\r\n\t\t\t\t\r\n\t\t\t\t<span class=\"post-format \"><i class=\"fa fa-file-text-o\"><\/i><\/span>\r\n\t\t\t\t\r\n\t\t\t\t<\/span>\r\n\t\t\t<\/span>\r\n\t\t\t\t\t\t<\/a>\r\n\t\t\t\t\r\n\t\t\t\t<div class=\"meta\">\r\n\r\n\t\t\t\t\t<span class=\"listing-meta\"><a href=\"https:\/\/www.diocesesaoluis.org.br\/home\/category\/movimentos\/\" class=\"category main-color cat-color-219\">Movimentos<\/a><time datetime=\"\" itemprop=\"datePublished\"><\/time><\/span>\t\t\t\t\t\t\r\n\t\t\t\t\t\t\t\t<a href=\"https:\/\/www.diocesesaoluis.org.br\/home\/2020\/05\/06\/escola-biblica-diocesana\/#respond\"><span class=\"comment-count\">0<\/span><\/a>\r\n\t\t\t\t\t\t\t\r\n\t\t\t\t<\/div>\r\n\t\t\t\t\r\n\t\t\t\t<h2 itemprop=\"name\"><a href=\"https:\/\/www.diocesesaoluis.org.br\/home\/2020\/05\/06\/escola-biblica-diocesana\/\" itemprop=\"url\" class=\"post-link\">ESCOLA B\u00cdBLICA DIOCESANA<\/a><\/h2>\r\n\t\t\t\t\r\n\t\t\t\t<div class=\"excerpt text-font\"><p><span class=\"read-more arrow\"><a href=\"https:\/\/www.diocesesaoluis.org.br\/home\/2020\/05\/06\/escola-biblica-diocesana\/\" title=\"Read More\">&rarr;<\/a><\/span><\/p>\n<\/div>\r\n\t\t\t\r\n\t\t\t<\/article>\r\n\t\t<\/div>\r\n\t\t\t\r\n\t\t\t\t\t\r\n\t\t<div class=\"column one-third\">\r\n\t\t\r\n\t\t\t<article class=\"post-9649 post type-post status-publish format-standard has-post-thumbnail category-movimentos\" itemscope itemtype=\"http:\/\/schema.org\/Article\">\r\n\t\t\t\t\r\n\t\t\t\t<a href=\"https:\/\/www.diocesesaoluis.org.br\/home\/2020\/05\/06\/comide\/\" class=\"image-link\">\r\n\t\t\t\t\t<img loading=\"lazy\" decoding=\"async\" width=\"135\" height=\"100\" src=\"https:\/\/www.diocesesaoluis.org.br\/home\/wp-content\/uploads\/2020\/06\/Comidi-135x100-1.jpg\" class=\"image wp-post-image\" alt=\"\" title=\"COMIDE\" itemprop=\"image\" \/>\t\t\t\t\t\r\n\t\t\t\t\t\t\t\t<span class=\"image-overlay\"><\/span>\r\n\t\t\t\r\n\t\t\t<span class=\"meta-overlay\">\r\n\t\t\t\t<span class=\"meta\">\r\n\t\t\t\t\r\n\t\t\t\t<span class=\"post-format \"><i class=\"fa fa-file-text-o\"><\/i><\/span>\r\n\t\t\t\t\r\n\t\t\t\t<\/span>\r\n\t\t\t<\/span>\r\n\t\t\t\t\t\t<\/a>\r\n\t\t\t\t\r\n\t\t\t\t<div class=\"meta\">\r\n\r\n\t\t\t\t\t<span class=\"listing-meta\"><a href=\"https:\/\/www.diocesesaoluis.org.br\/home\/category\/movimentos\/\" class=\"category main-color cat-color-219\">Movimentos<\/a><time datetime=\"\" itemprop=\"datePublished\"><\/time><\/span>\t\t\t\t\t\t\r\n\t\t\t\t\t\t\t\t<a href=\"https:\/\/www.diocesesaoluis.org.br\/home\/2020\/05\/06\/comide\/#respond\"><span class=\"comment-count\">0<\/span><\/a>\r\n\t\t\t\t\t\t\t\r\n\t\t\t\t<\/div>\r\n\t\t\t\t\r\n\t\t\t\t<h2 itemprop=\"name\"><a href=\"https:\/\/www.diocesesaoluis.org.br\/home\/2020\/05\/06\/comide\/\" itemprop=\"url\" class=\"post-link\">COMIDE<\/a><\/h2>\r\n\t\t\t\t\r\n\t\t\t\t<div class=\"excerpt text-font\"><p><span class=\"read-more arrow\"><a href=\"https:\/\/www.diocesesaoluis.org.br\/home\/2020\/05\/06\/comide\/\" title=\"Read More\">&rarr;<\/a><\/span><\/p>\n<\/div>\r\n\t\t\t\r\n\t\t\t<\/article>\r\n\t\t<\/div>\r\n\t\t\t\r\n\t\t\t\t\t\r\n\t\t<div class=\"column one-third\">\r\n\t\t\r\n\t\t\t<article class=\"post-9641 post type-post status-publish format-standard has-post-thumbnail category-movimentos category-pastorais\" itemscope itemtype=\"http:\/\/schema.org\/Article\">\r\n\t\t\t\t\r\n\t\t\t\t<a href=\"https:\/\/www.diocesesaoluis.org.br\/home\/2020\/05\/06\/infancia-adolescencia-e-juventude-missionaria\/\" class=\"image-link\">\r\n\t\t\t\t\t<img loading=\"lazy\" decoding=\"async\" width=\"350\" height=\"201\" src=\"https:\/\/www.diocesesaoluis.org.br\/home\/wp-content\/uploads\/2020\/06\/juventude_missionaria-350x245-1-350x201.jpg\" class=\"image wp-post-image\" alt=\"\" title=\"INF\u00c2NCIA, ADOLESC\u00caNCIA E JUVENTUDE MISSION\u00c1RIA\" itemprop=\"image\" \/>\t\t\t\t\t\r\n\t\t\t\t\t\t\t\t<span class=\"image-overlay\"><\/span>\r\n\t\t\t\r\n\t\t\t<span class=\"meta-overlay\">\r\n\t\t\t\t<span class=\"meta\">\r\n\t\t\t\t\r\n\t\t\t\t<span class=\"post-format \"><i class=\"fa fa-file-text-o\"><\/i><\/span>\r\n\t\t\t\t\r\n\t\t\t\t<\/span>\r\n\t\t\t<\/span>\r\n\t\t\t\t\t\t<\/a>\r\n\t\t\t\t\r\n\t\t\t\t<div class=\"meta\">\r\n\r\n\t\t\t\t\t<span class=\"listing-meta\"><a href=\"https:\/\/www.diocesesaoluis.org.br\/home\/category\/movimentos\/\" class=\"category main-color cat-color-219\">Movimentos<\/a><time datetime=\"\" itemprop=\"datePublished\"><\/time><\/span>\t\t\t\t\t\t\r\n\t\t\t\t\t\t\t\t<a href=\"https:\/\/www.diocesesaoluis.org.br\/home\/2020\/05\/06\/infancia-adolescencia-e-juventude-missionaria\/#respond\"><span class=\"comment-count\">0<\/span><\/a>\r\n\t\t\t\t\t\t\t\r\n\t\t\t\t<\/div>\r\n\t\t\t\t\r\n\t\t\t\t<h2 itemprop=\"name\"><a href=\"https:\/\/www.diocesesaoluis.org.br\/home\/2020\/05\/06\/infancia-adolescencia-e-juventude-missionaria\/\" itemprop=\"url\" class=\"post-link\">INF\u00c2NCIA, ADOLESC\u00caNCIA E JUVENTUDE MISSION\u00c1RIA<\/a><\/h2>\r\n\t\t\t\t\r\n\t\t\t\t<div class=\"excerpt text-font\"><p><span class=\"read-more arrow\"><a href=\"https:\/\/www.diocesesaoluis.org.br\/home\/2020\/05\/06\/infancia-adolescencia-e-juventude-missionaria\/\" title=\"Read More\">&rarr;<\/a><\/span><\/p>\n<\/div>\r\n\t\t\t\r\n\t\t\t<\/article>\r\n\t\t<\/div>\r\n\t\t\t\r\n\t\t\t\t\t\r\n\t\t<div class=\"column one-third\">\r\n\t\t\r\n\t\t\t<article class=\"post-9634 post type-post status-publish format-standard has-post-thumbnail category-movimentos category-pastorais\" itemscope itemtype=\"http:\/\/schema.org\/Article\">\r\n\t\t\t\t\r\n\t\t\t\t<a href=\"https:\/\/www.diocesesaoluis.org.br\/home\/2020\/05\/06\/renovacao-carismatica-catolica\/\" class=\"image-link\">\r\n\t\t\t\t\t<img loading=\"lazy\" decoding=\"async\" width=\"135\" height=\"100\" src=\"https:\/\/www.diocesesaoluis.org.br\/home\/wp-content\/uploads\/2020\/06\/rcc-135x100-1.png\" class=\"image wp-post-image\" alt=\"\" title=\"RENOVA\u00c7\u00c3O CARISM\u00c1TICA CAT\u00d3LICA\" itemprop=\"image\" \/>\t\t\t\t\t\r\n\t\t\t\t\t\t\t\t<span class=\"image-overlay\"><\/span>\r\n\t\t\t\r\n\t\t\t<span class=\"meta-overlay\">\r\n\t\t\t\t<span class=\"meta\">\r\n\t\t\t\t\r\n\t\t\t\t<span class=\"post-format \"><i class=\"fa fa-file-text-o\"><\/i><\/span>\r\n\t\t\t\t\r\n\t\t\t\t<\/span>\r\n\t\t\t<\/span>\r\n\t\t\t\t\t\t<\/a>\r\n\t\t\t\t\r\n\t\t\t\t<div class=\"meta\">\r\n\r\n\t\t\t\t\t<span class=\"listing-meta\"><a href=\"https:\/\/www.diocesesaoluis.org.br\/home\/category\/movimentos\/\" class=\"category main-color cat-color-219\">Movimentos<\/a><time datetime=\"\" itemprop=\"datePublished\"><\/time><\/span>\t\t\t\t\t\t\r\n\t\t\t\t\t\t\t\t<a href=\"https:\/\/www.diocesesaoluis.org.br\/home\/2020\/05\/06\/renovacao-carismatica-catolica\/#respond\"><span class=\"comment-count\">0<\/span><\/a>\r\n\t\t\t\t\t\t\t\r\n\t\t\t\t<\/div>\r\n\t\t\t\t\r\n\t\t\t\t<h2 itemprop=\"name\"><a href=\"https:\/\/www.diocesesaoluis.org.br\/home\/2020\/05\/06\/renovacao-carismatica-catolica\/\" itemprop=\"url\" class=\"post-link\">RENOVA\u00c7\u00c3O CARISM\u00c1TICA CAT\u00d3LICA<\/a><\/h2>\r\n\t\t\t\t\r\n\t\t\t\t<div class=\"excerpt text-font\"><p><span class=\"read-more arrow\"><a href=\"https:\/\/www.diocesesaoluis.org.br\/home\/2020\/05\/06\/renovacao-carismatica-catolica\/\" title=\"Read More\">&rarr;<\/a><\/span><\/p>\n<\/div>\r\n\t\t\t\r\n\t\t\t<\/article>\r\n\t\t<\/div>\r\n\t\t\t\r\n\t\t\t\t\t\r\n\t\t<div class=\"column one-third\">\r\n\t\t\r\n\t\t\t<article class=\"post-9631 post type-post status-publish format-standard has-post-thumbnail category-movimentos\" itemscope itemtype=\"http:\/\/schema.org\/Article\">\r\n\t\t\t\t\r\n\t\t\t\t<a href=\"https:\/\/www.diocesesaoluis.org.br\/home\/2020\/05\/06\/movimento-cursilho-de-cristandade\/\" class=\"image-link\">\r\n\t\t\t\t\t<img loading=\"lazy\" decoding=\"async\" width=\"135\" height=\"100\" src=\"https:\/\/www.diocesesaoluis.org.br\/home\/wp-content\/uploads\/2020\/06\/Cursilho-135x100-1.png\" class=\"image wp-post-image\" alt=\"\" title=\"MOVIMENTO CURSILHO DE CRISTANDADE\" itemprop=\"image\" \/>\t\t\t\t\t\r\n\t\t\t\t\t\t\t\t<span class=\"image-overlay\"><\/span>\r\n\t\t\t\r\n\t\t\t<span class=\"meta-overlay\">\r\n\t\t\t\t<span class=\"meta\">\r\n\t\t\t\t\r\n\t\t\t\t<span class=\"post-format \"><i class=\"fa fa-file-text-o\"><\/i><\/span>\r\n\t\t\t\t\r\n\t\t\t\t<\/span>\r\n\t\t\t<\/span>\r\n\t\t\t\t\t\t<\/a>\r\n\t\t\t\t\r\n\t\t\t\t<div class=\"meta\">\r\n\r\n\t\t\t\t\t<span class=\"listing-meta\"><a href=\"https:\/\/www.diocesesaoluis.org.br\/home\/category\/movimentos\/\" class=\"category main-color cat-color-219\">Movimentos<\/a><time datetime=\"\" itemprop=\"datePublished\"><\/time><\/span>\t\t\t\t\t\t\r\n\t\t\t\t\t\t\t\t<a href=\"https:\/\/www.diocesesaoluis.org.br\/home\/2020\/05\/06\/movimento-cursilho-de-cristandade\/#respond\"><span class=\"comment-count\">0<\/span><\/a>\r\n\t\t\t\t\t\t\t\r\n\t\t\t\t<\/div>\r\n\t\t\t\t\r\n\t\t\t\t<h2 itemprop=\"name\"><a href=\"https:\/\/www.diocesesaoluis.org.br\/home\/2020\/05\/06\/movimento-cursilho-de-cristandade\/\" itemprop=\"url\" class=\"post-link\">MOVIMENTO CURSILHO DE CRISTANDADE<\/a><\/h2>\r\n\t\t\t\t\r\n\t\t\t\t<div class=\"excerpt text-font\"><p><span class=\"read-more arrow\"><a href=\"https:\/\/www.diocesesaoluis.org.br\/home\/2020\/05\/06\/movimento-cursilho-de-cristandade\/\" title=\"Read More\">&rarr;<\/a><\/span><\/p>\n<\/div>\r\n\t\t\t\r\n\t\t\t<\/article>\r\n\t\t<\/div>\r\n\t\t\t\r\n\t\t\t\t\t\t\r\n\t<\/div>\r\n\t\r\n\t\r\n\t\t\r\n\r\n\t\r\n\r\n\r\n\r\n<\/div>\r\n[\/vc_column][\/vc_row]\n","protected":false},"excerpt":{"rendered":"<p>[vc_row][vc_column width=&#8221;1\/1&#8243;][\/vc_column][\/vc_row]<\/p>\n","protected":false},"author":1,"featured_media":0,"parent":0,"menu_order":0,"comment_status":"closed","ping_status":"closed","template":"","meta":{"ub_ctt_via":"","footnotes":""},"class_list":["post-9637","page","type-page","status-publish"],"featured_image_src":null,"_links":{"self":[{"href":"https:\/\/www.diocesesaoluis.org.br\/home\/wp-json\/wp\/v2\/pages\/9637","targetHints":{"allow":["GET"]}}],"collection":[{"href":"https:\/\/www.diocesesaoluis.org.br\/home\/wp-json\/wp\/v2\/pages"}],"about":[{"href":"https:\/\/www.diocesesaoluis.org.br\/home\/wp-json\/wp\/v2\/types\/page"}],"author":[{"embeddable":true,"href":"https:\/\/www.diocesesaoluis.org.br\/home\/wp-json\/wp\/v2\/users\/1"}],"replies":[{"embeddable":true,"href":"https:\/\/www.diocesesaoluis.org.br\/home\/wp-json\/wp\/v2\/comments?post=9637"}],"version-history":[{"count":2,"href":"https:\/\/www.diocesesaoluis.org.br\/home\/wp-json\/wp\/v2\/pages\/9637\/revisions"}],"predecessor-version":[{"id":9640,"href":"https:\/\/www.diocesesaoluis.org.br\/home\/wp-json\/wp\/v2\/pages\/9637\/revisions\/9640"}],"wp:attachment":[{"href":"https:\/\/www.diocesesaoluis.org.br\/home\/wp-json\/wp\/v2\/media?parent=9637"}],"curies":[{"name":"wp","href":"https:\/\/api.w.org\/{rel}","templated":true}]}}