{"id":9551,"date":"2020-06-12T10:18:01","date_gmt":"2020-06-12T13:18:01","guid":{"rendered":"http:\/\/www.diocesesaoluis.org.br\/home\/?page_id=9551"},"modified":"2025-08-12T09:52:37","modified_gmt":"2025-08-12T12:52:37","slug":"forania-sao-sebastiao","status":"publish","type":"page","link":"https:\/\/www.diocesesaoluis.org.br\/home\/forania-sao-sebastiao\/","title":{"rendered":"Forania S\u00e3o Sebasti\u00e3o"},"content":{"rendered":"[vc_row][vc_column][vc_column_text]\n<h3>Vig\u00e1rio For\u00e2neo: Pe. Jo\u00e3o Aur\u00e9lio Almeida Alves<\/h3>\n<p>Par\u00f3quias:<\/p>\n[\/vc_column_text][\/vc_column][\/vc_row][vc_row][vc_column width=&#8221;5\/5&#8243; el_class=&#8221;content-column&#8221; css=&#8221;.vc_custom_1413679137749{margin-top: 10px !important;}&#8221;]\r\n\t\r\n\t<section class=\"main-highlights block-wrap term-wrap-108\">\r\n\t\r\n\t\t\t\t\r\n\t\t<h4 class=\"section-head cf cat-border-108\">\r\n\t\t\t<span class=\"title\"><a href=\"https:\/\/www.diocesesaoluis.org.br\/home\/category\/foranias\/forania-sao-sebastiao\/\">Not\u00edcias da Forania<\/a><\/span>\r\n\t\t\t\r\n\t\t\t\t\t\t\t<a href=\"https:\/\/www.diocesesaoluis.org.br\/home\/category\/foranias\/forania-sao-sebastiao\/\" class=\"more\">View all <i class=\"fa fa-caret-right\"><\/i><\/a>\r\n\t\t\t\t\t\t\r\n\t\t\t\t\t\r\n\t\t\t\t\t<\/h4>\r\n\r\n\t\t\r\n\t\t\r\n\t\t\t\r\n\t\t\r\n\t\t\t\t\r\n\t\t\t\t\t\t\r\n\t\t\t<article class=\"posts-grid\">\r\n\t\t\t\t\t\r\n\t\t\t\t<a href=\"https:\/\/www.diocesesaoluis.org.br\/home\/2024\/08\/22\/pe-pablo-henrique-e-empossado-como-paroco-das-paroquias-de-parauna-e-sao-joao-da-parauna\/\" class=\"image-link\">\r\n\t\t\t\t\t<img loading=\"lazy\" decoding=\"async\" width=\"740\" height=\"357\" src=\"https:\/\/www.diocesesaoluis.org.br\/home\/wp-content\/uploads\/2024\/08\/Snapinsta.app_456451890_18150718708323673_6957239973066851034_n_1080-740x357.jpg\" class=\"image wp-post-image\" alt=\"\" title=\"Pe. Pablo Henrique \u00e9 empossado como p\u00e1roco das Par\u00f3quias de Para\u00fana e S\u00e3o Jo\u00e3o da Para\u00fana\" srcset=\"https:\/\/www.diocesesaoluis.org.br\/home\/wp-content\/uploads\/2024\/08\/Snapinsta.app_456451890_18150718708323673_6957239973066851034_n_1080-740x357.jpg 740w, https:\/\/www.diocesesaoluis.org.br\/home\/wp-content\/uploads\/2024\/08\/Snapinsta.app_456451890_18150718708323673_6957239973066851034_n_1080-352x169.jpg 352w\" sizes=\"auto, (max-width: 740px) 100vw, 740px\" \/>\t\t\t\t\t\r\n\t\t\t\t\t\t\t\t<span class=\"image-overlay\"><\/span>\r\n\t\t\t\r\n\t\t\t<span class=\"meta-overlay\">\r\n\t\t\t\t<span class=\"meta\">\r\n\t\t\t\t\r\n\t\t\t\t<span class=\"post-format \"><i class=\"fa fa-file-text-o\"><\/i><\/span>\r\n\t\t\t\t\r\n\t\t\t\t<\/span>\r\n\t\t\t<\/span>\r\n\t\t\t\t\t\t<\/a>\r\n\r\n\t\t\t\t\t\t\t<a href=\"https:\/\/www.diocesesaoluis.org.br\/home\/2024\/08\/22\/pe-pablo-henrique-e-empossado-como-paroco-das-paroquias-de-parauna-e-sao-joao-da-parauna\/#respond\"><span class=\"comment-count\">0<\/span><\/a>\r\n\t\t\t\t\t\t\r\n\r\n\t\t\t\t<span class=\"listing-meta\"><a href=\"https:\/\/www.diocesesaoluis.org.br\/home\/category\/foranias\/forania-sao-sebastiao\/\" class=\"category main-color cat-color-108\">Forania S\u00e3o Sebasti\u00e3o<\/a><time datetime=\"\" itemprop=\"datePublished\"><\/time><\/span>\t\t\t\t\r\n\t\t\t\t<h2><a href=\"https:\/\/www.diocesesaoluis.org.br\/home\/2024\/08\/22\/pe-pablo-henrique-e-empossado-como-paroco-das-paroquias-de-parauna-e-sao-joao-da-parauna\/\" class=\"first-heading post-link\">Pe. Pablo Henrique \u00e9 empossado como p\u00e1roco das Par\u00f3quias de Para\u00fana e S\u00e3o Jo\u00e3o da Para\u00fana<\/a><\/h2>\r\n\r\n\t\t\t\t<div class=\"text-font excerpt\">\r\n\t\t\t\t\t<p>Na quarta-feira, 21 de agosto, Dom Lindomar Rocha presidiu a Santa Missa na Par\u00f3quia Menino Jesus, em Para\u00fana. Na oportunidade, empossou o novo p\u00e1roco da<span class=\"read-more arrow\"><a href=\"https:\/\/www.diocesesaoluis.org.br\/home\/2024\/08\/22\/pe-pablo-henrique-e-empossado-como-paroco-das-paroquias-de-parauna-e-sao-joao-da-parauna\/\" title=\"Read More\">&rarr;<\/a><\/span><\/p>\n\t\t\t\t<\/div>\r\n\r\n\t\t\t<\/article>\r\n\t\t\t\r\n\t\t\t\t\t\t\t\t\t\t\r\n\t\t\t\t<ul class=\"ts-row posts-grid\">\r\n\t\t\t\r\n\t\t\t\t\t\t\t\t\r\n\t\t\t\t\t\t\t\r\n\t\t\t\t\t\r\n\t\t\t\t\t\t\r\n\t\t\t\t\t\t\r\n\t\t\t\t<li class=\"column half post\">\r\n\t\t\t\t\t\r\n\t\t\t\t\t<a href=\"https:\/\/www.diocesesaoluis.org.br\/home\/2024\/08\/08\/pe-welliton-e-empossado-como-paroco-das-paroquias-de-jandaia-e-palminopolis\/\" class=\"image-link\"><img loading=\"lazy\" decoding=\"async\" width=\"603\" height=\"362\" src=\"https:\/\/www.diocesesaoluis.org.br\/home\/wp-content\/uploads\/2024\/08\/Snapinsta.app_454392611_1896417800881127_5900129615872863006_n_1080-603x362.jpg\" class=\"attachment-motive-grid-slider size-motive-grid-slider wp-post-image\" alt=\"\" title=\"Pe. Welliton \u00e9 empossado como p\u00e1roco das Par\u00f3quias de Jandaia e Palmin\u00f3polis\" srcset=\"https:\/\/www.diocesesaoluis.org.br\/home\/wp-content\/uploads\/2024\/08\/Snapinsta.app_454392611_1896417800881127_5900129615872863006_n_1080-603x362.jpg 603w, https:\/\/www.diocesesaoluis.org.br\/home\/wp-content\/uploads\/2024\/08\/Snapinsta.app_454392611_1896417800881127_5900129615872863006_n_1080-333x200.jpg 333w\" sizes=\"auto, (max-width: 603px) 100vw, 603px\" \/>\t\t\t\t\t\t\r\n\t\t\t\t\t\t\t\t\t<span class=\"image-overlay\"><\/span>\r\n\t\t\t\r\n\t\t\t<span class=\"meta-overlay\">\r\n\t\t\t\t<span class=\"meta\">\r\n\t\t\t\t\r\n\t\t\t\t<span class=\"post-format \"><i class=\"fa fa-file-text-o\"><\/i><\/span>\r\n\t\t\t\t\r\n\t\t\t\t<\/span>\r\n\t\t\t<\/span>\r\n\t\t\t\t\t\t\t<\/a>\r\n\t\t\t\t\t\r\n\t\t\t\t\t\t\t\t<a href=\"https:\/\/www.diocesesaoluis.org.br\/home\/2024\/08\/08\/pe-welliton-e-empossado-como-paroco-das-paroquias-de-jandaia-e-palminopolis\/#respond\"><span class=\"comment-count\">0<\/span><\/a>\r\n\t\t\t\t\t\t\t\r\n\t\t\t\t\t<span class=\"listing-meta\"><time datetime=\"\" itemprop=\"datePublished\"><\/time><\/span>\t\t\t\t\t\r\n\t\t\t\t\t<a href=\"https:\/\/www.diocesesaoluis.org.br\/home\/2024\/08\/08\/pe-welliton-e-empossado-como-paroco-das-paroquias-de-jandaia-e-palminopolis\/\" class=\"post-link\">Pe. Welliton \u00e9 empossado como p\u00e1roco das Par\u00f3quias de Jandaia e Palmin\u00f3polis<\/a>\r\n\t\t\t\t\t\r\n\t\t\t\t<\/li>\r\n\t\t\r\n\t\t\t\t\r\n\t\t\t\t\t\t\r\n\t\t\t\t\t\t\r\n\t\t\t\t<li class=\"column half post\">\r\n\t\t\t\t\t\r\n\t\t\t\t\t<a href=\"https:\/\/www.diocesesaoluis.org.br\/home\/2024\/08\/06\/pe-janio-carlos-e-empossado-como-paroco-da-paroquia-divino-espirito-santo-em-palmeiras-de-goias\/\" class=\"image-link\"><img loading=\"lazy\" decoding=\"async\" width=\"603\" height=\"362\" src=\"https:\/\/www.diocesesaoluis.org.br\/home\/wp-content\/uploads\/2024\/08\/453533949_1045340214261965_8893501070748120382_n-603x362.jpg\" class=\"attachment-motive-grid-slider size-motive-grid-slider wp-post-image\" alt=\"\" title=\"Pe. J\u00e2nio Carlos \u00e9 empossado como p\u00e1roco da Par\u00f3quia Divino Esp\u00edrito Santo, em Palmeiras de Goi\u00e1s\" srcset=\"https:\/\/www.diocesesaoluis.org.br\/home\/wp-content\/uploads\/2024\/08\/453533949_1045340214261965_8893501070748120382_n-603x362.jpg 603w, https:\/\/www.diocesesaoluis.org.br\/home\/wp-content\/uploads\/2024\/08\/453533949_1045340214261965_8893501070748120382_n-333x200.jpg 333w\" sizes=\"auto, (max-width: 603px) 100vw, 603px\" \/>\t\t\t\t\t\t\r\n\t\t\t\t\t\t\t\t\t<span class=\"image-overlay\"><\/span>\r\n\t\t\t\r\n\t\t\t<span class=\"meta-overlay\">\r\n\t\t\t\t<span class=\"meta\">\r\n\t\t\t\t\r\n\t\t\t\t<span class=\"post-format \"><i class=\"fa fa-file-text-o\"><\/i><\/span>\r\n\t\t\t\t\r\n\t\t\t\t<\/span>\r\n\t\t\t<\/span>\r\n\t\t\t\t\t\t\t<\/a>\r\n\t\t\t\t\t\r\n\t\t\t\t\t\t\t\t<a href=\"https:\/\/www.diocesesaoluis.org.br\/home\/2024\/08\/06\/pe-janio-carlos-e-empossado-como-paroco-da-paroquia-divino-espirito-santo-em-palmeiras-de-goias\/#respond\"><span class=\"comment-count\">0<\/span><\/a>\r\n\t\t\t\t\t\t\t\r\n\t\t\t\t\t<span class=\"listing-meta\"><time datetime=\"\" itemprop=\"datePublished\"><\/time><\/span>\t\t\t\t\t\r\n\t\t\t\t\t<a href=\"https:\/\/www.diocesesaoluis.org.br\/home\/2024\/08\/06\/pe-janio-carlos-e-empossado-como-paroco-da-paroquia-divino-espirito-santo-em-palmeiras-de-goias\/\" class=\"post-link\">Pe. J\u00e2nio Carlos \u00e9 empossado como p\u00e1roco da Par\u00f3quia Divino Esp\u00edrito Santo, em Palmeiras de Goi\u00e1s<\/a>\r\n\t\t\t\t\t\r\n\t\t\t\t<\/li>\r\n\t\t\r\n\t\t\t\t\r\n\t\t\t\t\t\t\r\n\t\t\t\t\t\t\r\n\t\t\t\t<li class=\"column half post\">\r\n\t\t\t\t\t\r\n\t\t\t\t\t<a href=\"https:\/\/www.diocesesaoluis.org.br\/home\/2024\/07\/29\/pe-marcio-jean-e-empossado-como-paroco-da-paroquia-sao-cristovao-em-cezarina\/\" class=\"image-link\"><img loading=\"lazy\" decoding=\"async\" width=\"603\" height=\"362\" src=\"https:\/\/www.diocesesaoluis.org.br\/home\/wp-content\/uploads\/2024\/08\/bcdbdf99-1f0c-4288-bdd7-d2c4a4a79fc7-603x362.jpeg\" class=\"attachment-motive-grid-slider size-motive-grid-slider wp-post-image\" alt=\"\" title=\"Pe. M\u00e1rcio Jean \u00e9 empossado como p\u00e1roco da Par\u00f3quia S\u00e3o Crist\u00f3v\u00e3o, em Cezarina\" srcset=\"https:\/\/www.diocesesaoluis.org.br\/home\/wp-content\/uploads\/2024\/08\/bcdbdf99-1f0c-4288-bdd7-d2c4a4a79fc7-603x362.jpeg 603w, https:\/\/www.diocesesaoluis.org.br\/home\/wp-content\/uploads\/2024\/08\/bcdbdf99-1f0c-4288-bdd7-d2c4a4a79fc7-333x200.jpeg 333w\" sizes=\"auto, (max-width: 603px) 100vw, 603px\" \/>\t\t\t\t\t\t\r\n\t\t\t\t\t\t\t\t\t<span class=\"image-overlay\"><\/span>\r\n\t\t\t\r\n\t\t\t<span class=\"meta-overlay\">\r\n\t\t\t\t<span class=\"meta\">\r\n\t\t\t\t\r\n\t\t\t\t<span class=\"post-format \"><i class=\"fa fa-file-text-o\"><\/i><\/span>\r\n\t\t\t\t\r\n\t\t\t\t<\/span>\r\n\t\t\t<\/span>\r\n\t\t\t\t\t\t\t<\/a>\r\n\t\t\t\t\t\r\n\t\t\t\t\t\t\t\t<a href=\"https:\/\/www.diocesesaoluis.org.br\/home\/2024\/07\/29\/pe-marcio-jean-e-empossado-como-paroco-da-paroquia-sao-cristovao-em-cezarina\/#respond\"><span class=\"comment-count\">0<\/span><\/a>\r\n\t\t\t\t\t\t\t\r\n\t\t\t\t\t<span class=\"listing-meta\"><time datetime=\"\" itemprop=\"datePublished\"><\/time><\/span>\t\t\t\t\t\r\n\t\t\t\t\t<a href=\"https:\/\/www.diocesesaoluis.org.br\/home\/2024\/07\/29\/pe-marcio-jean-e-empossado-como-paroco-da-paroquia-sao-cristovao-em-cezarina\/\" class=\"post-link\">Pe. M\u00e1rcio Jean \u00e9 empossado como p\u00e1roco da Par\u00f3quia S\u00e3o Crist\u00f3v\u00e3o, em Cezarina<\/a>\r\n\t\t\t\t\t\r\n\t\t\t\t<\/li>\r\n\t\t\r\n\t\t\t\t\r\n\t\t\t\t\t\t\r\n\t\t\t\t\t\t\r\n\t\t\t\t<li class=\"column half post\">\r\n\t\t\t\t\t\r\n\t\t\t\t\t<a href=\"https:\/\/www.diocesesaoluis.org.br\/home\/2023\/10\/01\/forania-sao-sebastiao-realiza-encontro-com-o-conselho-foraneo\/\" class=\"image-link\"><img loading=\"lazy\" decoding=\"async\" width=\"603\" height=\"362\" src=\"https:\/\/www.diocesesaoluis.org.br\/home\/wp-content\/uploads\/2023\/10\/386084641_18236963146226561_3281879182798080220_n-603x362.jpeg\" class=\"attachment-motive-grid-slider size-motive-grid-slider wp-post-image\" alt=\"\" title=\"Forania S\u00e3o Sebasti\u00e3o realiza encontro com o Conselho For\u00e2neo\" srcset=\"https:\/\/www.diocesesaoluis.org.br\/home\/wp-content\/uploads\/2023\/10\/386084641_18236963146226561_3281879182798080220_n-603x362.jpeg 603w, https:\/\/www.diocesesaoluis.org.br\/home\/wp-content\/uploads\/2023\/10\/386084641_18236963146226561_3281879182798080220_n-333x200.jpeg 333w\" sizes=\"auto, (max-width: 603px) 100vw, 603px\" \/>\t\t\t\t\t\t\r\n\t\t\t\t\t\t\t\t\t<span class=\"image-overlay\"><\/span>\r\n\t\t\t\r\n\t\t\t<span class=\"meta-overlay\">\r\n\t\t\t\t<span class=\"meta\">\r\n\t\t\t\t\r\n\t\t\t\t<span class=\"post-format \"><i class=\"fa fa-file-text-o\"><\/i><\/span>\r\n\t\t\t\t\r\n\t\t\t\t<\/span>\r\n\t\t\t<\/span>\r\n\t\t\t\t\t\t\t<\/a>\r\n\t\t\t\t\t\r\n\t\t\t\t\t\t\t\t<a href=\"https:\/\/www.diocesesaoluis.org.br\/home\/2023\/10\/01\/forania-sao-sebastiao-realiza-encontro-com-o-conselho-foraneo\/#respond\"><span class=\"comment-count\">0<\/span><\/a>\r\n\t\t\t\t\t\t\t\r\n\t\t\t\t\t<span class=\"listing-meta\"><time datetime=\"\" itemprop=\"datePublished\"><\/time><\/span>\t\t\t\t\t\r\n\t\t\t\t\t<a href=\"https:\/\/www.diocesesaoluis.org.br\/home\/2023\/10\/01\/forania-sao-sebastiao-realiza-encontro-com-o-conselho-foraneo\/\" class=\"post-link\">Forania S\u00e3o Sebasti\u00e3o realiza encontro com o Conselho For\u00e2neo<\/a>\r\n\t\t\t\t\t\r\n\t\t\t\t<\/li>\r\n\t\t\r\n\t\t\t\t\r\n\t\t\t\t\t\t\r\n\t\t\t\t\t\t\r\n\t\t\t\t<li class=\"column half post\">\r\n\t\t\t\t\t\r\n\t\t\t\t\t<a href=\"https:\/\/www.diocesesaoluis.org.br\/home\/2023\/07\/12\/paroquia-sao-sebastiao-em-palmeiras-inicia-formacao-para-agentes-da-pastoral-da-visitacao\/\" class=\"image-link\"><img loading=\"lazy\" decoding=\"async\" width=\"603\" height=\"344\" src=\"https:\/\/www.diocesesaoluis.org.br\/home\/wp-content\/uploads\/2023\/07\/WhatsApp-Image-2023-07-08-at-14.27.17-603x344.jpeg\" class=\"attachment-motive-grid-slider size-motive-grid-slider wp-post-image\" alt=\"\" title=\"Par\u00f3quia S\u00e3o Sebasti\u00e3o, em Palmeiras, inicia forma\u00e7\u00e3o para agentes da Pastoral da Visita\u00e7\u00e3o\" \/>\t\t\t\t\t\t\r\n\t\t\t\t\t\t\t\t\t<span class=\"image-overlay\"><\/span>\r\n\t\t\t\r\n\t\t\t<span class=\"meta-overlay\">\r\n\t\t\t\t<span class=\"meta\">\r\n\t\t\t\t\r\n\t\t\t\t<span class=\"post-format \"><i class=\"fa fa-file-text-o\"><\/i><\/span>\r\n\t\t\t\t\r\n\t\t\t\t<\/span>\r\n\t\t\t<\/span>\r\n\t\t\t\t\t\t\t<\/a>\r\n\t\t\t\t\t\r\n\t\t\t\t\t\t\t\t<a href=\"https:\/\/www.diocesesaoluis.org.br\/home\/2023\/07\/12\/paroquia-sao-sebastiao-em-palmeiras-inicia-formacao-para-agentes-da-pastoral-da-visitacao\/#respond\"><span class=\"comment-count\">0<\/span><\/a>\r\n\t\t\t\t\t\t\t\r\n\t\t\t\t\t<span class=\"listing-meta\"><time datetime=\"\" itemprop=\"datePublished\"><\/time><\/span>\t\t\t\t\t\r\n\t\t\t\t\t<a href=\"https:\/\/www.diocesesaoluis.org.br\/home\/2023\/07\/12\/paroquia-sao-sebastiao-em-palmeiras-inicia-formacao-para-agentes-da-pastoral-da-visitacao\/\" class=\"post-link\">Par\u00f3quia S\u00e3o Sebasti\u00e3o, em Palmeiras, inicia forma\u00e7\u00e3o para agentes da Pastoral da Visita\u00e7\u00e3o<\/a>\r\n\t\t\t\t\t\r\n\t\t\t\t<\/li>\r\n\t\t\r\n\t\t\t\t\r\n\t\t\t\t\t\t\r\n\t\t\t\t\t\t\r\n\t\t\t\t<li class=\"column half post\">\r\n\t\t\t\t\t\r\n\t\t\t\t\t<a href=\"https:\/\/www.diocesesaoluis.org.br\/home\/2023\/06\/27\/forania-sao-sebastiao-realiza-formacao-para-ministros-da-palavra\/\" class=\"image-link\"><img loading=\"lazy\" decoding=\"async\" width=\"603\" height=\"362\" src=\"https:\/\/www.diocesesaoluis.org.br\/home\/wp-content\/uploads\/2023\/06\/WhatsApp-Image-2023-06-26-at-09.49.01-603x362.jpeg\" class=\"attachment-motive-grid-slider size-motive-grid-slider wp-post-image\" alt=\"\" title=\"Forania S\u00e3o Sebasti\u00e3o realiza forma\u00e7\u00e3o para Ministros da Palavra\" srcset=\"https:\/\/www.diocesesaoluis.org.br\/home\/wp-content\/uploads\/2023\/06\/WhatsApp-Image-2023-06-26-at-09.49.01-603x362.jpeg 603w, https:\/\/www.diocesesaoluis.org.br\/home\/wp-content\/uploads\/2023\/06\/WhatsApp-Image-2023-06-26-at-09.49.01-333x200.jpeg 333w\" sizes=\"auto, (max-width: 603px) 100vw, 603px\" \/>\t\t\t\t\t\t\r\n\t\t\t\t\t\t\t\t\t<span class=\"image-overlay\"><\/span>\r\n\t\t\t\r\n\t\t\t<span class=\"meta-overlay\">\r\n\t\t\t\t<span class=\"meta\">\r\n\t\t\t\t\r\n\t\t\t\t<span class=\"post-format \"><i class=\"fa fa-file-text-o\"><\/i><\/span>\r\n\t\t\t\t\r\n\t\t\t\t<\/span>\r\n\t\t\t<\/span>\r\n\t\t\t\t\t\t\t<\/a>\r\n\t\t\t\t\t\r\n\t\t\t\t\t\t\t\t<a href=\"https:\/\/www.diocesesaoluis.org.br\/home\/2023\/06\/27\/forania-sao-sebastiao-realiza-formacao-para-ministros-da-palavra\/#respond\"><span class=\"comment-count\">0<\/span><\/a>\r\n\t\t\t\t\t\t\t\r\n\t\t\t\t\t<span class=\"listing-meta\"><time datetime=\"\" itemprop=\"datePublished\"><\/time><\/span>\t\t\t\t\t\r\n\t\t\t\t\t<a href=\"https:\/\/www.diocesesaoluis.org.br\/home\/2023\/06\/27\/forania-sao-sebastiao-realiza-formacao-para-ministros-da-palavra\/\" class=\"post-link\">Forania S\u00e3o Sebasti\u00e3o realiza forma\u00e7\u00e3o para Ministros da Palavra<\/a>\r\n\t\t\t\t\t\r\n\t\t\t\t<\/li>\r\n\t\t\r\n\t\t\t\t\r\n\t\t\t\t\t\t\r\n\t\t\t\t\t\t\r\n\t\t\t\t<li class=\"column half post\">\r\n\t\t\t\t\t\r\n\t\t\t\t\t<a href=\"https:\/\/www.diocesesaoluis.org.br\/home\/2023\/06\/20\/jovens-e-adultos-da-paroquia-de-palminopolis-recebem-o-sacramento-da-confirmacao\/\" class=\"image-link\"><img loading=\"lazy\" decoding=\"async\" width=\"603\" height=\"362\" src=\"https:\/\/www.diocesesaoluis.org.br\/home\/wp-content\/uploads\/2023\/06\/355600453_301686928877078_9080673160225126043_n-603x362.jpeg\" class=\"attachment-motive-grid-slider size-motive-grid-slider wp-post-image\" alt=\"\" title=\"Jovens e adultos da Par\u00f3quia de Palmin\u00f3polis recebem o Sacramento da Confirma\u00e7\u00e3o\" srcset=\"https:\/\/www.diocesesaoluis.org.br\/home\/wp-content\/uploads\/2023\/06\/355600453_301686928877078_9080673160225126043_n-603x362.jpeg 603w, https:\/\/www.diocesesaoluis.org.br\/home\/wp-content\/uploads\/2023\/06\/355600453_301686928877078_9080673160225126043_n-333x200.jpeg 333w\" sizes=\"auto, (max-width: 603px) 100vw, 603px\" \/>\t\t\t\t\t\t\r\n\t\t\t\t\t\t\t\t\t<span class=\"image-overlay\"><\/span>\r\n\t\t\t\r\n\t\t\t<span class=\"meta-overlay\">\r\n\t\t\t\t<span class=\"meta\">\r\n\t\t\t\t\r\n\t\t\t\t<span class=\"post-format \"><i class=\"fa fa-file-text-o\"><\/i><\/span>\r\n\t\t\t\t\r\n\t\t\t\t<\/span>\r\n\t\t\t<\/span>\r\n\t\t\t\t\t\t\t<\/a>\r\n\t\t\t\t\t\r\n\t\t\t\t\t\t\t\t<a href=\"https:\/\/www.diocesesaoluis.org.br\/home\/2023\/06\/20\/jovens-e-adultos-da-paroquia-de-palminopolis-recebem-o-sacramento-da-confirmacao\/#respond\"><span class=\"comment-count\">0<\/span><\/a>\r\n\t\t\t\t\t\t\t\r\n\t\t\t\t\t<span class=\"listing-meta\"><time datetime=\"\" itemprop=\"datePublished\"><\/time><\/span>\t\t\t\t\t\r\n\t\t\t\t\t<a href=\"https:\/\/www.diocesesaoluis.org.br\/home\/2023\/06\/20\/jovens-e-adultos-da-paroquia-de-palminopolis-recebem-o-sacramento-da-confirmacao\/\" class=\"post-link\">Jovens e adultos da Par\u00f3quia de Palmin\u00f3polis recebem o Sacramento da Confirma\u00e7\u00e3o<\/a>\r\n\t\t\t\t\t\r\n\t\t\t\t<\/li>\r\n\t\t\r\n\t\t\t\t\r\n\t\t\t\t\t\t\r\n\t\t\t\t\t\t\r\n\t\t\t\t<li class=\"column half post\">\r\n\t\t\t\t\t\r\n\t\t\t\t\t<a href=\"https:\/\/www.diocesesaoluis.org.br\/home\/2023\/06\/19\/jovens-e-adultos-da-paroquia-de-cezarina-recebem-o-sacramento-da-confirmacao\/\" class=\"image-link\"><img loading=\"lazy\" decoding=\"async\" width=\"603\" height=\"362\" src=\"https:\/\/www.diocesesaoluis.org.br\/home\/wp-content\/uploads\/2023\/06\/355239449_301360125576425_7178358571947859174_n-603x362.jpeg\" class=\"attachment-motive-grid-slider size-motive-grid-slider wp-post-image\" alt=\"\" title=\"Jovens e adultos da Par\u00f3quia de Cezarina recebem o Sacramento da Confirma\u00e7\u00e3o\" srcset=\"https:\/\/www.diocesesaoluis.org.br\/home\/wp-content\/uploads\/2023\/06\/355239449_301360125576425_7178358571947859174_n-603x362.jpeg 603w, https:\/\/www.diocesesaoluis.org.br\/home\/wp-content\/uploads\/2023\/06\/355239449_301360125576425_7178358571947859174_n-333x200.jpeg 333w\" sizes=\"auto, (max-width: 603px) 100vw, 603px\" \/>\t\t\t\t\t\t\r\n\t\t\t\t\t\t\t\t\t<span class=\"image-overlay\"><\/span>\r\n\t\t\t\r\n\t\t\t<span class=\"meta-overlay\">\r\n\t\t\t\t<span class=\"meta\">\r\n\t\t\t\t\r\n\t\t\t\t<span class=\"post-format \"><i class=\"fa fa-file-text-o\"><\/i><\/span>\r\n\t\t\t\t\r\n\t\t\t\t<\/span>\r\n\t\t\t<\/span>\r\n\t\t\t\t\t\t\t<\/a>\r\n\t\t\t\t\t\r\n\t\t\t\t\t\t\t\t<a href=\"https:\/\/www.diocesesaoluis.org.br\/home\/2023\/06\/19\/jovens-e-adultos-da-paroquia-de-cezarina-recebem-o-sacramento-da-confirmacao\/#respond\"><span class=\"comment-count\">0<\/span><\/a>\r\n\t\t\t\t\t\t\t\r\n\t\t\t\t\t<span class=\"listing-meta\"><time datetime=\"\" itemprop=\"datePublished\"><\/time><\/span>\t\t\t\t\t\r\n\t\t\t\t\t<a href=\"https:\/\/www.diocesesaoluis.org.br\/home\/2023\/06\/19\/jovens-e-adultos-da-paroquia-de-cezarina-recebem-o-sacramento-da-confirmacao\/\" class=\"post-link\">Jovens e adultos da Par\u00f3quia de Cezarina recebem o Sacramento da Confirma\u00e7\u00e3o<\/a>\r\n\t\t\t\t\t\r\n\t\t\t\t<\/li>\r\n\t\t\r\n\t\t\t\t\r\n\t\t\t \r\n\t\t\t\t<\/ul> \r\n\t\t\t\t\t\r\n\t<\/section>\r\n\r\n\t[\/vc_column][\/vc_row][vc_row][\/vc_row]\n","protected":false},"excerpt":{"rendered":"<p>[vc_row][vc_column][vc_column_text] Vig\u00e1rio For\u00e2neo: Pe. Jo\u00e3o Aur\u00e9lio Almeida Alves Par\u00f3quias: [\/vc_column_text][\/vc_column][\/vc_row][vc_row][vc_column width=&#8221;5\/5&#8243; el_class=&#8221;content-column&#8221; css=&#8221;.vc_custom_1413679137749{margin-top: 10px !important;}&#8221;][\/vc_column][\/vc_row][vc_row][\/vc_row]<\/p>\n","protected":false},"author":1,"featured_media":0,"parent":0,"menu_order":0,"comment_status":"closed","ping_status":"closed","template":"page-blocks.php","meta":{"ub_ctt_via":"","footnotes":""},"class_list":["post-9551","page","type-page","status-publish"],"featured_image_src":null,"_links":{"self":[{"href":"https:\/\/www.diocesesaoluis.org.br\/home\/wp-json\/wp\/v2\/pages\/9551","targetHints":{"allow":["GET"]}}],"collection":[{"href":"https:\/\/www.diocesesaoluis.org.br\/home\/wp-json\/wp\/v2\/pages"}],"about":[{"href":"https:\/\/www.diocesesaoluis.org.br\/home\/wp-json\/wp\/v2\/types\/page"}],"author":[{"embeddable":true,"href":"https:\/\/www.diocesesaoluis.org.br\/home\/wp-json\/wp\/v2\/users\/1"}],"replies":[{"embeddable":true,"href":"https:\/\/www.diocesesaoluis.org.br\/home\/wp-json\/wp\/v2\/comments?post=9551"}],"version-history":[{"count":12,"href":"https:\/\/www.diocesesaoluis.org.br\/home\/wp-json\/wp\/v2\/pages\/9551\/revisions"}],"predecessor-version":[{"id":18542,"href":"https:\/\/www.diocesesaoluis.org.br\/home\/wp-json\/wp\/v2\/pages\/9551\/revisions\/18542"}],"wp:attachment":[{"href":"https:\/\/www.diocesesaoluis.org.br\/home\/wp-json\/wp\/v2\/media?parent=9551"}],"curies":[{"name":"wp","href":"https:\/\/api.w.org\/{rel}","templated":true}]}}