{"id":16186,"date":"2023-03-28T08:20:09","date_gmt":"2023-03-28T11:20:09","guid":{"rendered":"https:\/\/www.diocesesaoluis.org.br\/home\/?page_id=16186"},"modified":"2023-03-28T08:20:10","modified_gmt":"2023-03-28T11:20:10","slug":"2o-bispo-diocesano","status":"publish","type":"page","link":"https:\/\/www.diocesesaoluis.org.br\/home\/2o-bispo-diocesano\/","title":{"rendered":"2\u00ba Bispo Diocesano"},"content":{"rendered":"\n<div class=\"wp-block-image\"><figure class=\"aligncenter\"><img loading=\"lazy\" decoding=\"async\" width=\"197\" height=\"300\" src=\"http:\/\/www.diocesesaoluis.org.br\/home\/wp-content\/uploads\/2020\/04\/dom-washington-cruz-0060819-197x300.jpg\" alt=\"\" class=\"wp-image-8998\" srcset=\"https:\/\/www.diocesesaoluis.org.br\/home\/wp-content\/uploads\/2020\/04\/dom-washington-cruz-0060819-197x300.jpg 197w, https:\/\/www.diocesesaoluis.org.br\/home\/wp-content\/uploads\/2020\/04\/dom-washington-cruz-0060819-98x150.jpg 98w, https:\/\/www.diocesesaoluis.org.br\/home\/wp-content\/uploads\/2020\/04\/dom-washington-cruz-0060819.jpg 380w\" sizes=\"auto, (max-width: 197px) 100vw, 197px\" \/><\/figure><\/div>\n\n\n\n<h4 class=\"has-text-align-center wp-block-heading\">DOM WASHINGTON CRUZ &#8211; CP<\/h4>\n\n\n\n<p class=\"has-text-align-center\">Lema Episcopal: : \u201cAnunciamos o Crucificado\u201d<\/p>\n\n\n\n<p>Data de Nascimento: 25\/04<br>Local de Nascimento: Itabuna &#8211; BA &#8211; Brasil<br>Ordena\u00e7\u00e3o Sacerdotal: 25\/07\/1971<br>Nomea\u00e7\u00e3o Episcopal: 10\/02\/1987<br>Ordena\u00e7\u00e3o Episcopal: 09\/04\/1987<br>Posse: 05\/01\/2003<br>Transfer\u00eancia Episcopal: 08\/04\/2002<br><\/p>\n\n\n\n<p class=\"has-medium-font-size\"><strong>Forma\u00e7\u00e3o<\/strong><\/p>\n\n\n\n<p>Realizou seus estudos fundamental e m\u00e9dio em\u00a0Itabuna\u00a0e\u00a0Osasco. Ingressou na\u00a0Congrega\u00e7\u00e3o da Paix\u00e3o, onde professou os votos em 16 de janeiro de 1966. Estudou\u00a0Filosofia\u00a0e\u00a0Teologia\u00a0na\u00a0Universidade Lateranense, em\u00a0Roma. Foi ordenado\u00a0padre\u00a0no dia 25 de julho de 1971, em\u00a0Itabuna.<\/p>\n\n\n\n<h4 class=\"wp-block-heading\">Atividades durante o presbiterado<\/h4>\n\n\n\n<ul class=\"wp-block-list\"><li>P\u00e1roco em Itabuna e Salvador<\/li><li>Mission\u00e1rio Popular<\/li><li>Formador nos Semin\u00e1rios Maiores Passionistas<\/li><\/ul>\n\n\n\n<p>No dia 25 de fevereiro de 1987, o Papa Jo\u00e3o Paulo II o nomeou Bispo de S\u00e3o Lu\u00eds de Montes Belos. Recebeu a ordena\u00e7\u00e3o episcopal no dia 9 de maio de 1987, em Salvador, das m\u00e3os de Dom Tom\u00e1s Guilherme Murphy, Dom Estanislau Arnoldo Van Melis e de Dom Geraldo Claudio Luiz Micheleto Pellanda.<br>No dia 8 de maio de 2002, o Papa Jo\u00e3o Paulo II o nomeou Arcebispo de Goi\u00e2nia.<\/p>\n\n\n\n<h4 class=\"wp-block-heading\">Atividades durante o episcopado<\/h4>\n\n\n\n<p>\u2022 Acompanhante da Pastoral da Juventude<br>\u2022 Acompanhante da Comiss\u00e3o Regional do Clero<br>\u2022 Membro da Comiss\u00e3o Episcopal do Semin\u00e1rio S. Jo\u00e3o Maria Vianney, de Goi\u00e2nia<br>\u2022 Presidente do Regional Centro-Oeste da CNBB<br>\u2022 Bispo de S\u00e3o Lu\u00eds de Montes Belos (1987-2002)<\/p>\n\n\n\n<h3 class=\"wp-block-heading\">Sucess\u00e3o<\/h3>\n\n\n\n<p>Dom Washington Cruz foi o 3\u00ba Arcebispo de Goi\u00e2nia, sucedendo a Dom Antonio Ribeiro de Oliveira.<br>Dom Washington foi o 2\u00ba bispo de S\u00e3o Lu\u00eds de Montes Belos, sucedeu a Dom Estanislau Arnoldo Van Melis, CP e foi sucedido por Dom Carmelo Scampa.<\/p>\n","protected":false},"excerpt":{"rendered":"<p>DOM WASHINGTON CRUZ &#8211; CP Lema Episcopal: : \u201cAnunciamos o Crucificado\u201d Data de Nascimento: 25\/04Local de Nascimento: Itabuna &#8211; BA &#8211; BrasilOrdena\u00e7\u00e3o Sacerdotal: 25\/07\/1971Nomea\u00e7\u00e3o Episcopal: 10\/02\/1987Ordena\u00e7\u00e3o Episcopal: 09\/04\/1987Posse: 05\/01\/2003Transfer\u00eancia Episcopal: 08\/04\/2002 Forma\u00e7\u00e3o Realizou seus estudos fundamental e m\u00e9dio em\u00a0Itabuna\u00a0e\u00a0Osasco. Ingressou na\u00a0Congrega\u00e7\u00e3o da Paix\u00e3o, onde professou os votos em 16 de janeiro de 1966. Estudou\u00a0Filosofia\u00a0e\u00a0Teologia\u00a0na\u00a0Universidade Lateranense,<span class=\"read-more arrow\"><a href=\"https:\/\/www.diocesesaoluis.org.br\/home\/2o-bispo-diocesano\/\" title=\"Read More\">&rarr;<\/a><\/span><\/p>\n","protected":false},"author":2,"featured_media":0,"parent":0,"menu_order":0,"comment_status":"closed","ping_status":"closed","template":"","meta":{"ub_ctt_via":"","footnotes":""},"class_list":["post-16186","page","type-page","status-publish"],"featured_image_src":null,"_links":{"self":[{"href":"https:\/\/www.diocesesaoluis.org.br\/home\/wp-json\/wp\/v2\/pages\/16186","targetHints":{"allow":["GET"]}}],"collection":[{"href":"https:\/\/www.diocesesaoluis.org.br\/home\/wp-json\/wp\/v2\/pages"}],"about":[{"href":"https:\/\/www.diocesesaoluis.org.br\/home\/wp-json\/wp\/v2\/types\/page"}],"author":[{"embeddable":true,"href":"https:\/\/www.diocesesaoluis.org.br\/home\/wp-json\/wp\/v2\/users\/2"}],"replies":[{"embeddable":true,"href":"https:\/\/www.diocesesaoluis.org.br\/home\/wp-json\/wp\/v2\/comments?post=16186"}],"version-history":[{"count":1,"href":"https:\/\/www.diocesesaoluis.org.br\/home\/wp-json\/wp\/v2\/pages\/16186\/revisions"}],"predecessor-version":[{"id":16187,"href":"https:\/\/www.diocesesaoluis.org.br\/home\/wp-json\/wp\/v2\/pages\/16186\/revisions\/16187"}],"wp:attachment":[{"href":"https:\/\/www.diocesesaoluis.org.br\/home\/wp-json\/wp\/v2\/media?parent=16186"}],"curies":[{"name":"wp","href":"https:\/\/api.w.org\/{rel}","templated":true}]}}