{"id":16182,"date":"2023-03-28T08:07:39","date_gmt":"2023-03-28T11:07:39","guid":{"rendered":"https:\/\/www.diocesesaoluis.org.br\/home\/?page_id=16182"},"modified":"2024-12-30T16:17:38","modified_gmt":"2024-12-30T19:17:38","slug":"1o-bispo-diocesano","status":"publish","type":"page","link":"https:\/\/www.diocesesaoluis.org.br\/home\/1o-bispo-diocesano\/","title":{"rendered":"1\u00ba Bispo Diocesano"},"content":{"rendered":"[vc_row 0=&#8221;&#8221;][vc_column][vc_column_text 0=&#8221;&#8221;]<img loading=\"lazy\" decoding=\"async\" class=\"size-medium wp-image-8221 aligncenter\" src=\"http:\/\/www.diocesesaoluis.org.br\/home\/wp-content\/uploads\/2020\/04\/Dom-Stanislau-van-Mellis-817x1024-768x963-1-239x300.jpg\" alt=\"\" width=\"239\" height=\"300\" srcset=\"https:\/\/www.diocesesaoluis.org.br\/home\/wp-content\/uploads\/2020\/04\/Dom-Stanislau-van-Mellis-817x1024-768x963-1-239x300.jpg 239w, https:\/\/www.diocesesaoluis.org.br\/home\/wp-content\/uploads\/2020\/04\/Dom-Stanislau-van-Mellis-817x1024-768x963-1-120x150.jpg 120w, https:\/\/www.diocesesaoluis.org.br\/home\/wp-content\/uploads\/2020\/04\/Dom-Stanislau-van-Mellis-817x1024-768x963-1-600x752.jpg 600w, https:\/\/www.diocesesaoluis.org.br\/home\/wp-content\/uploads\/2020\/04\/Dom-Stanislau-van-Mellis-817x1024-768x963-1.jpg 768w\" sizes=\"auto, (max-width: 239px) 100vw, 239px\" \/><\/p>\n<h3 style=\"text-align: center;\">DOM STANISLAU VAN MELLIS,CP<\/h3>\n<p style=\"text-align: center;\">Lema Episcopal:<\/p>\n<p>Data de Nascimento: 19\/03\/1911<br \/>\nLocal de Nascimento: Zeeland &#8211; Holanda<br \/>\nProfiss\u00e3o Religiosa: 31\/08\/1928<br \/>\nOrdena\u00e7\u00e3o Sacerdotal: 10\/05\/1936<br \/>\nNomea\u00e7\u00e3o Episcopal: 26\/11\/1962<br \/>\nOrdena\u00e7\u00e3o Episcopal: 02\/02\/1963, em S\u00e3o Lu\u00eds de Montes Belos-GO<br \/>\nPosse: 21\/04\/1963<br \/>\nRen\u00fancia: 25\/02\/1987<\/p>\n<h3><strong>Fun\u00e7\u00f5es exercidas durante o Presbiterato<br \/>\n<\/strong><\/h3>\n<ul>\n<li>Professor no Semin\u00e1rio de Haastrecht<\/li>\n<li>Diretor do Semin\u00e1rio de Svischtov &#8211; Bulg\u00e1ria<\/li>\n<li>Vig\u00e1rio da Par\u00f3quia de Svischtov e professor do Semin\u00e1rio<\/li>\n<li>Vig\u00e1rio de Orech &#8211; Bulg\u00e1ria<\/li>\n<li>Superior religioso dos Padres Passionistas na Bulg\u00e1ria<\/li>\n<li>Consultor Episcopal na Diocese de Nic\u00f3polis &#8211; Bulg\u00e1ria<\/li>\n<li>Oficial da C\u00faria na Diocese de Nic\u00f3polis &#8211; Bulg\u00e1ria<\/li>\n<li>Decano de Beleni, Orech e Dragomirovo &#8211; Bulg\u00e1ria<\/li>\n<li>Estudante no Pontif\u00edcio Institutum Orientalium Studiorum &#8211; Roma<\/li>\n<li>Vice-diretor dos universit\u00e1rios em S\u00e3o Giovanni e Paolo &#8211; Roma<\/li>\n<li>Consultor Provincial da Prov\u00edncia Mater Sanctae Spei<\/li>\n<li>Provincial da Prov\u00edncia Mater Sanctae Spei<\/li>\n<\/ul>\n<h3><strong>Fun\u00e7\u00f5es exercidas ap\u00f3s sua chegada ao Brasil em agosto de 1958<\/strong><\/h3>\n<ul>\n<li>Superior dos Padres Passionistas Holandeses no Brasil<\/li>\n<li>Vig\u00e1rio da Par\u00f3quia S\u00e3o Pio X &#8211; Goi\u00e2nia<\/li>\n<li>Vig\u00e1rio da Par\u00f3quia de S\u00e3o Lu\u00eds de Montes Belos<\/li>\n<li>Vig\u00e1rio Geral da Prelazia de S\u00e3o Luis de Montes Belos<\/li>\n<\/ul>\n[\/vc_column_text][\/vc_column][\/vc_row]\n","protected":false},"excerpt":{"rendered":"<p>[vc_row 0=&#8221;&#8221;][vc_column][vc_column_text 0=&#8221;&#8221;] DOM STANISLAU VAN MELLIS,CP Lema Episcopal: Data de Nascimento: 19\/03\/1911 Local de Nascimento: Zeeland &#8211; Holanda Profiss\u00e3o Religiosa: 31\/08\/1928 Ordena\u00e7\u00e3o Sacerdotal: 10\/05\/1936 Nomea\u00e7\u00e3o Episcopal: 26\/11\/1962 Ordena\u00e7\u00e3o Episcopal: 02\/02\/1963, em S\u00e3o Lu\u00eds de Montes Belos-GO Posse: 21\/04\/1963 Ren\u00fancia: 25\/02\/1987 Fun\u00e7\u00f5es exercidas durante o Presbiterato Professor no Semin\u00e1rio de Haastrecht Diretor do Semin\u00e1rio de<span class=\"read-more arrow\"><a href=\"https:\/\/www.diocesesaoluis.org.br\/home\/1o-bispo-diocesano\/\" title=\"Read More\">&rarr;<\/a><\/span><\/p>\n","protected":false},"author":2,"featured_media":0,"parent":0,"menu_order":0,"comment_status":"closed","ping_status":"closed","template":"","meta":{"ub_ctt_via":"","footnotes":""},"class_list":["post-16182","page","type-page","status-publish"],"featured_image_src":null,"_links":{"self":[{"href":"https:\/\/www.diocesesaoluis.org.br\/home\/wp-json\/wp\/v2\/pages\/16182","targetHints":{"allow":["GET"]}}],"collection":[{"href":"https:\/\/www.diocesesaoluis.org.br\/home\/wp-json\/wp\/v2\/pages"}],"about":[{"href":"https:\/\/www.diocesesaoluis.org.br\/home\/wp-json\/wp\/v2\/types\/page"}],"author":[{"embeddable":true,"href":"https:\/\/www.diocesesaoluis.org.br\/home\/wp-json\/wp\/v2\/users\/2"}],"replies":[{"embeddable":true,"href":"https:\/\/www.diocesesaoluis.org.br\/home\/wp-json\/wp\/v2\/comments?post=16182"}],"version-history":[{"count":4,"href":"https:\/\/www.diocesesaoluis.org.br\/home\/wp-json\/wp\/v2\/pages\/16182\/revisions"}],"predecessor-version":[{"id":18219,"href":"https:\/\/www.diocesesaoluis.org.br\/home\/wp-json\/wp\/v2\/pages\/16182\/revisions\/18219"}],"wp:attachment":[{"href":"https:\/\/www.diocesesaoluis.org.br\/home\/wp-json\/wp\/v2\/media?parent=16182"}],"curies":[{"name":"wp","href":"https:\/\/api.w.org\/{rel}","templated":true}]}}