{"id":16102,"date":"2023-03-08T08:59:05","date_gmt":"2023-03-08T11:59:05","guid":{"rendered":"https:\/\/www.diocesesaoluis.org.br\/home\/?page_id=16102"},"modified":"2023-03-08T08:59:07","modified_gmt":"2023-03-08T11:59:07","slug":"pe-joao-aurelio-almeida-alves","status":"publish","type":"page","link":"https:\/\/www.diocesesaoluis.org.br\/home\/pe-joao-aurelio-almeida-alves\/","title":{"rendered":"Pe. Jo\u00e3o Aur\u00e9lio Almeida Alves"},"content":{"rendered":"[vc_row 0=&#8221;&#8221;][vc_column][vc_column_text 0=&#8221;&#8221;]\n<p><strong><img loading=\"lazy\" decoding=\"async\" class=\"alignleft wp-image-9190 size-medium\" src=\"http:\/\/www.diocesesaoluis.org.br\/home\/wp-content\/uploads\/2020\/05\/Padre-Jo\u00e3o-Aur\u00e9lio-200x300.jpg\" alt=\"\" width=\"200\" height=\"300\" srcset=\"https:\/\/www.diocesesaoluis.org.br\/home\/wp-content\/uploads\/2020\/05\/Padre-Jo\u00e3o-Aur\u00e9lio-200x300.jpg 200w, https:\/\/www.diocesesaoluis.org.br\/home\/wp-content\/uploads\/2020\/05\/Padre-Jo\u00e3o-Aur\u00e9lio-682x1024.jpg 682w, https:\/\/www.diocesesaoluis.org.br\/home\/wp-content\/uploads\/2020\/05\/Padre-Jo\u00e3o-Aur\u00e9lio-100x150.jpg 100w, https:\/\/www.diocesesaoluis.org.br\/home\/wp-content\/uploads\/2020\/05\/Padre-Jo\u00e3o-Aur\u00e9lio-768x1152.jpg 768w, https:\/\/www.diocesesaoluis.org.br\/home\/wp-content\/uploads\/2020\/05\/Padre-Jo\u00e3o-Aur\u00e9lio.jpg 853w\" sizes=\"auto, (max-width: 200px) 100vw, 200px\" \/><\/strong><\/p>\n<p style=\"text-align: center;\"><strong>FUN\u00c7\u00c3O ATUAL: P\u00e1roco<br \/>\nPar\u00f3quia S\u00e3o Sebasti\u00e3o<br \/>\nPalmeiras de Goi\u00e1s<\/strong><\/p>\n<p>Naturalidade: Auril\u00e2ndia-GO<br \/>\nNascimento: 09\/11<br \/>\nOrd. Diaconal: 13\/02\/2011<br \/>\nOrd. Sacerdotal: 27\/08\/2011<br \/>\nPai: Jo\u00e3o Batista<br \/>\nM\u00e3e: Sebastiana Sant\u00edssima<br \/>\n[\/vc_column_text][\/vc_column][\/vc_row]\n[vc_row][vc_column 0=&#8221;&#8221;][vc_column_text]<div class=\"sc-tabs-wrap\"><ul class=\"sc-tabs\"><li class=\"active\"><a href=\"#\" data-id=\"1\">Forma\u00e7\u00e3o<\/a><\/li><li><a href=\"#\" data-id=\"2\">Minist\u00e9rios<\/a><\/li><li><a href=\"#\" data-id=\"3\">Servi\u00e7os Pastorais<\/a><\/li><\/ul><ul class=\"sc-tabs-panes\"><li id=\"sc-pane-1\" class=\"active\">\n<p>Teologia<br \/>\nInstitui\u00e7\u00e3o: Instituto Santa Cruz<\/p>\n<p>Gradua\u00e7\u00e3o em Administra\u00e7\u00e3o<br \/>\nInstitui\u00e7\u00e3o: PUC-GO<br \/>\n<\/li>\n<li id=\"sc-pane-2\">\nLeitorato: 2009<br \/>\nAcolitato: 2009<br \/>\nDiaconato: 13\/02\/2011<br \/>\nPresbiterato: 27\/08\/2011<br \/>\nPresidente da Celebra\u00e7\u00e3o: Dom Carmelo Scampa<br \/>\nLocal: Auril\u00e2ndia<\/p>\n<\/li>\n<li id=\"sc-pane-3\">\nFun\u00e7\u00e3o: Reitor<br \/>\nData: 2011-2013<br \/>\nLocal: Semin\u00e1rio Menor M\u00e3e da Santa Esperan\u00e7a<\/p>\n<p>Fun\u00e7\u00e3o: P\u00e1roco<br \/>\nData: 2014-2018<br \/>\nLocal: Par\u00f3quia Nossa Senhora da Abadia &#8211; Jandaia<\/p>\n<p>Fun\u00e7\u00e3o: P\u00e1roco<br \/>\nData: 2018-2020<br \/>\nLocal: Par\u00f3quia Santo Ant\u00f4nio &#8211; Piranhas<\/p>\n<p>Fun\u00e7\u00e3o: Respons\u00e1vel<br \/>\nData: 2021<br \/>\nLocal: Par\u00f3quia Nossa Senhora da Guia &#8211; Firmin\u00f3polis<br \/>\n<\/li><\/ul><\/div>[\/vc_column_text][\/vc_column][\/vc_row]\n","protected":false},"excerpt":{"rendered":"<p>[vc_row 0=&#8221;&#8221;][vc_column][vc_column_text 0=&#8221;&#8221;] FUN\u00c7\u00c3O ATUAL: P\u00e1roco Par\u00f3quia S\u00e3o Sebasti\u00e3o Palmeiras de Goi\u00e1s Naturalidade: Auril\u00e2ndia-GO Nascimento: 09\/11 Ord. Diaconal: 13\/02\/2011 Ord. Sacerdotal: 27\/08\/2011 Pai: Jo\u00e3o Batista M\u00e3e: Sebastiana Sant\u00edssima [\/vc_column_text][\/vc_column][\/vc_row] [vc_row][vc_column 0=&#8221;&#8221;][vc_column_text][\/vc_column_text][\/vc_column][\/vc_row]<\/p>\n","protected":false},"author":2,"featured_media":0,"parent":0,"menu_order":0,"comment_status":"closed","ping_status":"closed","template":"","meta":{"ub_ctt_via":"","footnotes":""},"class_list":["post-16102","page","type-page","status-publish"],"featured_image_src":null,"_links":{"self":[{"href":"https:\/\/www.diocesesaoluis.org.br\/home\/wp-json\/wp\/v2\/pages\/16102","targetHints":{"allow":["GET"]}}],"collection":[{"href":"https:\/\/www.diocesesaoluis.org.br\/home\/wp-json\/wp\/v2\/pages"}],"about":[{"href":"https:\/\/www.diocesesaoluis.org.br\/home\/wp-json\/wp\/v2\/types\/page"}],"author":[{"embeddable":true,"href":"https:\/\/www.diocesesaoluis.org.br\/home\/wp-json\/wp\/v2\/users\/2"}],"replies":[{"embeddable":true,"href":"https:\/\/www.diocesesaoluis.org.br\/home\/wp-json\/wp\/v2\/comments?post=16102"}],"version-history":[{"count":1,"href":"https:\/\/www.diocesesaoluis.org.br\/home\/wp-json\/wp\/v2\/pages\/16102\/revisions"}],"predecessor-version":[{"id":16103,"href":"https:\/\/www.diocesesaoluis.org.br\/home\/wp-json\/wp\/v2\/pages\/16102\/revisions\/16103"}],"wp:attachment":[{"href":"https:\/\/www.diocesesaoluis.org.br\/home\/wp-json\/wp\/v2\/media?parent=16102"}],"curies":[{"name":"wp","href":"https:\/\/api.w.org\/{rel}","templated":true}]}}