{"id":16041,"date":"2023-03-06T10:41:52","date_gmt":"2023-03-06T13:41:52","guid":{"rendered":"https:\/\/www.diocesesaoluis.org.br\/home\/?page_id=16041"},"modified":"2023-03-06T10:41:53","modified_gmt":"2023-03-06T13:41:53","slug":"paroquia-sao-sebastiao-palmeiras-de-goias","status":"publish","type":"page","link":"https:\/\/www.diocesesaoluis.org.br\/home\/paroquia-sao-sebastiao-palmeiras-de-goias\/","title":{"rendered":"Par\u00f3quia S\u00e3o Sebasti\u00e3o &#8211; Palmeiras de Goi\u00e1s"},"content":{"rendered":"[vc_row 0=&#8221;&#8221;][vc_column][vc_column_text 0=&#8221;&#8221;]<div class=\"sc-tabs-wrap\"><ul class=\"sc-tabs\"><li class=\"active\"><a href=\"#\" data-id=\"1\">Dados da par\u00f3quia<\/a><\/li><li><a href=\"#\" data-id=\"2\">Administra\u00e7\u00e3o<\/a><\/li><li><a href=\"#\" data-id=\"3\">Casa Paroquial<\/a><\/li><li><a href=\"#\" data-id=\"4\">Secretaria<\/a><\/li><\/ul><ul class=\"sc-tabs-panes\"><li id=\"sc-pane-1\" class=\"active\"><p>Data da Funda\u00e7\u00e3o: 1973<br \/>\nCNPJ: 01.226.927\/0004-50<br \/>\nPopula\u00e7\u00e3o: 13.928 hab.<br \/>\nCEP: 76.190-000<br \/>\n<\/li>\n<li id=\"sc-pane-2\">\n<p><strong>P\u00c1ROCO<br \/>\n<\/strong>Pe. Jo\u00e3o Aur\u00e9lio Almeida Alves<\/p>\n<\/li>\n<li id=\"sc-pane-3\">\n<p>Rua Dr. Jos\u00e9 Mendon\u00e7a, Qd. 02, Lt. 11 \u2013 Centro<br \/>\nCEP: 76.190-000<br \/>\nFone: (64) 3571-1143<br \/>\n<\/li>\n<li id=\"sc-pane-4\">\n<p>Rua S\u00e3o Sebasti\u00e3o, n\u00ba 12 \u2013 Centro<br \/>\nCEP: 76.190-000 \u2013 Palmeiras de Goi\u00e1s-GO<br \/>\nTel.: (64) 3571-2048<br \/>\n<\/li><\/ul><\/div>\n<div class=\"sc-tabs-wrap\"><ul class=\"sc-tabs\"><li class=\"active\"><a href=\"#\" data-id=\"1\">ADMINISTRA\u00c7\u00d5ES ANTERIORES<\/a><\/li><li><a href=\"#\" data-id=\"2\">COMUNIDADES URBANAS<\/a><\/li><li><a href=\"#\" data-id=\"3\">COMUNIDADES RURAIS<\/a><\/li><li><a href=\"#\" data-id=\"4\">Di\u00e1cono Permanente<\/a><\/li><\/ul><ul class=\"sc-tabs-panes\"><li id=\"sc-pane-1\" class=\"active\"><p>1972 \u2013 Adm. Comunidade: Pe. Olavo<br \/>\n1972 a 1973 \u2013 Coord. Administrativa:<br \/>\nIrm\u00e3 Gema Fronchetti.<br \/>\n1973 a 1978 \u2013 P\u00e1roco Pe. Guilherme Contart<br \/>\n1978 a 1979 \u2013 P\u00e1roco Pe. Gabriel Silva Negr\u00e3o<br \/>\n1979 a 1980 \u2013 Coord. Administrativa:<br \/>\nIrm\u00e3 Graciosa<br \/>\n1980 a 2011 \u2013 P\u00e1roco Pe. Ant\u00f4nio Vermey<br \/>\n2010 a 2011 \u2013 Coordenador Administrativo:<br \/>\nDi\u00e1cono Oscar Lopes da Silva<br \/>\n2011 a 2015 \u2013 P\u00e1roco Pe. Messias Paes de Ara\u00fajo<br \/>\n2016 \u2013 Vig\u00e1rio paroquial: Pe. Leandro Jos\u00e9 de Oliveira<br \/>\n2015 a 2021 &#8211; P\u00e1roco: Pe. Jos\u00e9 Moreira de Souza<br \/>\n<\/li>\n<li id=\"sc-pane-2\">\n<p><strong>S\u00e3o Pedro \u2013 1<\/strong><br \/>\nSetor Boa Vista<br \/>\n<strong>M\u00e3e da Santa Esperan\u00e7a<\/strong><br \/>\nSetor Castelo Branco<br \/>\n<strong>S\u00e3o Judas Tadeu<\/strong><br \/>\nSetor Goianinha<br \/>\n<strong>S\u00e3o Jo\u00e3o Batista \u2013 2<\/strong><br \/>\nBairro S\u00e3o Jo\u00e3o<br \/>\n<strong>S\u00e3o Jos\u00e9<\/strong><br \/>\nBairro S\u00e3o Jos\u00e9<br \/>\n<strong>Cristo Rei<\/strong><br \/>\nSetor Cerradinho<br \/>\n<strong>Santa Luzia<\/strong><br \/>\nSetor Martinho<br \/>\n<strong>Divino Pai Eterno<\/strong><br \/>\nSetor Bariloche<br \/>\n<\/li>\n<li id=\"sc-pane-3\">\n<p><strong>Sagrado Cora\u00e7\u00e3o de Jesus<\/strong><br \/>\nFazenda Boqueir\u00e3o<br \/>\n<strong>Nossa Senhora do Carmo<\/strong><br \/>\nFazenda Camar\u00e3o &#8211; 1<br \/>\n<strong>S\u00e3o Pedro<\/strong><br \/>\nFazenda Camar\u00e3o &#8211; 2<br \/>\n<strong>Nossa Senhora Aparecida<\/strong><br \/>\nFazenda Camar\u00e3o &#8211; 3<br \/>\n<strong>Camar\u00e3o &#8211; 4<\/strong><br \/>\nFazenda Camar\u00e3o<br \/>\n<strong>S\u00e3o Miguel Arcanjo<\/strong><br \/>\nFazenda Campo Redondo<br \/>\n<strong>C\u00f3rrego Azul<\/strong><br \/>\nFazenda C\u00f3rrego Azul<br \/>\n<strong>C\u00f3rrego da Gar\u00e7a<\/strong><br \/>\nFazenda C\u00f3rrego da Gar\u00e7a<br \/>\n<strong>S\u00e3o Carlos Borromeu<\/strong><br \/>\nFazenda da Mata<br \/>\n<strong>Nossa Senhora do Perp\u00e9tuo Socorro<\/strong><br \/>\nFazenda Grota e Po\u00e7o D\u2019Agua<br \/>\n<strong>Nossa Senhora Aparecida<\/strong><br \/>\nFazenda Morro Agudo<br \/>\n<strong>Pi\u00e7arra &#8211; 1<\/strong><br \/>\nFazenda Pi\u00e7arra<br \/>\n<strong>Santa Rita<\/strong><br \/>\nFazenda Santa Rita<br \/>\n<strong>Santo Ant\u00f4nio<\/strong><br \/>\nFazenda Sto. Ant\u00f4nio do Morro Azul<br \/>\n<strong>S\u00e3o Francisco de Assis<\/strong><br \/>\nFazenda Serrano<br \/>\n<\/li>\n<li id=\"sc-pane-4\">\n<strong>Di\u00e1cono Gladismar Fellini<\/strong><\/p>\n<\/li><\/ul><\/div>[\/vc_column_text][\/vc_column][\/vc_row]\n","protected":false},"excerpt":{"rendered":"<p>[vc_row 0=&#8221;&#8221;][vc_column][vc_column_text 0=&#8221;&#8221;] [\/vc_column_text][\/vc_column][\/vc_row]<\/p>\n","protected":false},"author":2,"featured_media":8645,"parent":0,"menu_order":0,"comment_status":"closed","ping_status":"closed","template":"","meta":{"ub_ctt_via":"","footnotes":""},"class_list":["post-16041","page","type-page","status-publish","has-post-thumbnail"],"featured_image_src":"https:\/\/www.diocesesaoluis.org.br\/home\/wp-content\/uploads\/2020\/05\/IGREJA-DE-PALMEIRAS-526x360-1.jpg","_links":{"self":[{"href":"https:\/\/www.diocesesaoluis.org.br\/home\/wp-json\/wp\/v2\/pages\/16041","targetHints":{"allow":["GET"]}}],"collection":[{"href":"https:\/\/www.diocesesaoluis.org.br\/home\/wp-json\/wp\/v2\/pages"}],"about":[{"href":"https:\/\/www.diocesesaoluis.org.br\/home\/wp-json\/wp\/v2\/types\/page"}],"author":[{"embeddable":true,"href":"https:\/\/www.diocesesaoluis.org.br\/home\/wp-json\/wp\/v2\/users\/2"}],"replies":[{"embeddable":true,"href":"https:\/\/www.diocesesaoluis.org.br\/home\/wp-json\/wp\/v2\/comments?post=16041"}],"version-history":[{"count":1,"href":"https:\/\/www.diocesesaoluis.org.br\/home\/wp-json\/wp\/v2\/pages\/16041\/revisions"}],"predecessor-version":[{"id":16042,"href":"https:\/\/www.diocesesaoluis.org.br\/home\/wp-json\/wp\/v2\/pages\/16041\/revisions\/16042"}],"wp:featuredmedia":[{"embeddable":true,"href":"https:\/\/www.diocesesaoluis.org.br\/home\/wp-json\/wp\/v2\/media\/8645"}],"wp:attachment":[{"href":"https:\/\/www.diocesesaoluis.org.br\/home\/wp-json\/wp\/v2\/media?parent=16041"}],"curies":[{"name":"wp","href":"https:\/\/api.w.org\/{rel}","templated":true}]}}