{"id":16032,"date":"2023-03-06T10:34:29","date_gmt":"2023-03-06T13:34:29","guid":{"rendered":"https:\/\/www.diocesesaoluis.org.br\/home\/?page_id=16032"},"modified":"2024-01-19T16:44:57","modified_gmt":"2024-01-19T19:44:57","slug":"paroquia-sao-sebastiao-corrego-do-ouro","status":"publish","type":"page","link":"https:\/\/www.diocesesaoluis.org.br\/home\/paroquia-sao-sebastiao-corrego-do-ouro\/","title":{"rendered":"Par\u00f3quia S\u00e3o Sebasti\u00e3o &#8211; C\u00f3rrego do Ouro"},"content":{"rendered":"[vc_row 0=&#8221;&#8221;][vc_column][vc_column_text 0=&#8221;&#8221;]<div class=\"sc-tabs-wrap\"><ul class=\"sc-tabs\"><li class=\"active\"><a href=\"#\" data-id=\"1\">Dados da par\u00f3quia<\/a><\/li><li><a href=\"#\" data-id=\"2\">Administra\u00e7\u00e3o<\/a><\/li><li><a href=\"#\" data-id=\"3\">Casa Paroquial<\/a><\/li><li><a href=\"#\" data-id=\"4\">Secretaria<\/a><\/li><\/ul><ul class=\"sc-tabs-panes\"><li id=\"sc-pane-1\" class=\"active\"><p>Data da Funda\u00e7\u00e3o: 03\/04\/1990<br \/>\nCNPJ: 01.226.927\/0021-50<br \/>\nPopula\u00e7\u00e3o: 2.629 hab.<br \/>\nDist\u00e2ncia da sede: 33 km<br \/>\n<\/li>\n<li id=\"sc-pane-2\">\n<p><strong>ADM. PAROQUIAL:<\/strong><br \/>\nPe. Francisco Erivan Sousa<\/p>\n<\/li>\n<li id=\"sc-pane-3\">\n<p>Avenida Pires n\u00ba 68 \u2013 Centro<br \/>\nCEP: 76145-000<br \/>\nTel.: (64) 3687-1180<br \/>\n<\/li>\n<li id=\"sc-pane-4\">\n<p>Avenida Pires n\u00ba 68 \u2013 Centro<br \/>\nTel.: (64) 3687-1180<br \/>\nEmail: paroquiasaosebastiao2@hotmail.com<br \/>\n<\/li><\/ul><\/div>\n<div class=\"sc-tabs-wrap\"><ul class=\"sc-tabs\"><li class=\"active\"><a href=\"#\" data-id=\"1\">ADMINISTRA\u00c7\u00d5ES ANTERIORES<\/a><\/li><li><a href=\"#\" data-id=\"2\">COMUNIDADES URBANAS<\/a><\/li><li><a href=\"#\" data-id=\"3\">COMUNIDADES RURAIS<\/a><\/li><\/ul><ul class=\"sc-tabs-panes\"><li id=\"sc-pane-1\" class=\"active\"><p>1987 a 1989 \u2013 Adm. Comunidade<br \/>\nPe. Cornelius Petrus Boomaerts, CP<br \/>\n1990 a 1999 \u2013 P\u00e1roco Pe. Jos\u00e9 Hailo Ferreira Costa,<br \/>\n1999 a 2000 \u2013 Administrador Paroquial,<br \/>\nPe. Carlos Arantes de Gouv\u00eaa,<br \/>\n2000 a 2002 \u2013 Administrador Paroquial,<br \/>\nPe. Cornelius Petrus Boomaerts, CP<br \/>\n2002 \u2013 Adm. Paroquial: Pe. Joaquim<br \/>\nAnt\u00f4nio Monteiro, CP.<br \/>\n2002 \u2013 Pe. Tarc\u00edlio Jos\u00e9 da Maia, CP<br \/>\n2004 \u2013 Adm. Paroquial: Pe. Guilherme<br \/>\nAlves Moreira, CP<br \/>\n2004 a 2008 \u2013 Vig\u00e1rio Paroquial:<br \/>\nPe. Weslei Pereira de Souza, CP<br \/>\n2008 a 2009 \u2013 P\u00e1roco: Pe. Tarcilio Jos\u00e9 da Maia, CP<br \/>\n2009 a 2010 \u2013 Adm. Paroquial:<br \/>\nPe. Cornelius Petrus Boomaerts, CP<br \/>\n2009 a 2010 \u2013 Vig\u00e1rio Paroquial:<br \/>\nPe. Melqu\u00edades Lima Filho, CP<br \/>\n2010 a 2013 \u2013 Vig\u00e1rio Paroquial:<br \/>\nPe. Weslei Pereira de Souza, CP<br \/>\n2013 a 2014 \u2013 P\u00e1roco: Pe. Melqu\u00edades Lima Filho, CP<br \/>\n2013 \u2013 Vig\u00e1rio Paroquial: Pe. Paulo<br \/>\nAfr\u00e2nio Silva de Lima, CP<br \/>\n2013 a 2014 \u2013 P\u00e1roco: Pe. Marcos Mendon\u00e7a, CP<br \/>\n2014 a 2017 \u2013 P\u00e1roco: Pe. Weslei Pereira de Souza, CP<br \/>\n2014-2017 \u2013 Mission\u00e1ria Leiga Heloisa Amaral<br \/>\n2017 a 2018 \u2013 Pe. Severino Claudio Alves<br \/>\n2018 a 2020 &#8211; Pe. Tarc\u00edlio Jos\u00e9 da Maia<br \/>\n2020 &#8211; Pe. Wallison Rodrigues da Silva<br \/>\n2021-2024 &#8211; Pe. Newton Oliveira da Costa<\/p>\n<\/li>\n<li id=\"sc-pane-2\">\n<\/li>\n<li id=\"sc-pane-3\">\n<p><strong>Nossa Senhora Aparecida<\/strong><br \/>\nDistrito de Fartura<br \/>\n<strong>Divino Esp\u00edrito Santo<\/strong><br \/>\nPovoado Esp\u00edrito Santo<br \/>\n<strong>Santa Luzia<\/strong><br \/>\nPovoado do Cedro<br \/>\n<strong>Santo Ant\u00f4nio de P\u00e1dua<\/strong><br \/>\nPovoado de Carmol\u00e2ndia<br \/>\n<strong>S\u00e3o Jo\u00e3o Batista<\/strong><br \/>\nFazenda Floresta<br \/>\n<\/li><\/ul><\/div>[\/vc_column_text][\/vc_column][\/vc_row]\n","protected":false},"excerpt":{"rendered":"<p>[vc_row 0=&#8221;&#8221;][vc_column][vc_column_text 0=&#8221;&#8221;] [\/vc_column_text][\/vc_column][\/vc_row]<\/p>\n","protected":false},"author":2,"featured_media":8599,"parent":0,"menu_order":0,"comment_status":"closed","ping_status":"closed","template":"","meta":{"ub_ctt_via":"","footnotes":""},"class_list":["post-16032","page","type-page","status-publish","has-post-thumbnail"],"featured_image_src":"https:\/\/www.diocesesaoluis.org.br\/home\/wp-content\/uploads\/2020\/05\/PAROQUIA-CORREGO-DO-OURO-e1437701710581-835x1024-1.jpg","_links":{"self":[{"href":"https:\/\/www.diocesesaoluis.org.br\/home\/wp-json\/wp\/v2\/pages\/16032","targetHints":{"allow":["GET"]}}],"collection":[{"href":"https:\/\/www.diocesesaoluis.org.br\/home\/wp-json\/wp\/v2\/pages"}],"about":[{"href":"https:\/\/www.diocesesaoluis.org.br\/home\/wp-json\/wp\/v2\/types\/page"}],"author":[{"embeddable":true,"href":"https:\/\/www.diocesesaoluis.org.br\/home\/wp-json\/wp\/v2\/users\/2"}],"replies":[{"embeddable":true,"href":"https:\/\/www.diocesesaoluis.org.br\/home\/wp-json\/wp\/v2\/comments?post=16032"}],"version-history":[{"count":3,"href":"https:\/\/www.diocesesaoluis.org.br\/home\/wp-json\/wp\/v2\/pages\/16032\/revisions"}],"predecessor-version":[{"id":17142,"href":"https:\/\/www.diocesesaoluis.org.br\/home\/wp-json\/wp\/v2\/pages\/16032\/revisions\/17142"}],"wp:featuredmedia":[{"embeddable":true,"href":"https:\/\/www.diocesesaoluis.org.br\/home\/wp-json\/wp\/v2\/media\/8599"}],"wp:attachment":[{"href":"https:\/\/www.diocesesaoluis.org.br\/home\/wp-json\/wp\/v2\/media?parent=16032"}],"curies":[{"name":"wp","href":"https:\/\/api.w.org\/{rel}","templated":true}]}}