{"id":16028,"date":"2023-03-06T10:31:51","date_gmt":"2023-03-06T13:31:51","guid":{"rendered":"https:\/\/www.diocesesaoluis.org.br\/home\/?page_id=16028"},"modified":"2026-02-02T09:37:42","modified_gmt":"2026-02-02T12:37:42","slug":"paroquia-sao-sebastiao-baliza","status":"publish","type":"page","link":"https:\/\/www.diocesesaoluis.org.br\/home\/paroquia-sao-sebastiao-baliza\/","title":{"rendered":"Par\u00f3quia S\u00e3o Sebasti\u00e3o &#8211; Baliza"},"content":{"rendered":"[vc_row 0=&#8221;&#8221;][vc_column][vc_column_text 0=&#8221;&#8221;]<div class=\"sc-tabs-wrap\"><ul class=\"sc-tabs\"><li class=\"active\"><a href=\"#\" data-id=\"1\">Dados da par\u00f3quia<\/a><\/li><li><a href=\"#\" data-id=\"2\">Administra\u00e7\u00e3o<\/a><\/li><li><a href=\"#\" data-id=\"3\">Casa Paroquial<\/a><\/li><li><a href=\"#\" data-id=\"4\">Secretaria<\/a><\/li><\/ul><ul class=\"sc-tabs-panes\"><li id=\"sc-pane-1\" class=\"active\"><p>Data da Funda\u00e7\u00e3o: 07\/05\/1995<br \/>\nCNPJ: 01.226.927\/0029-08<br \/>\nPopula\u00e7\u00e3o: 5.497 hab.<br \/>\nDist\u00e2ncia da sede:<br \/>\n<\/li>\n<li id=\"sc-pane-2\">\n<p><strong>ADMINISTRADOR PAROQUIAL:<\/strong><br \/>\nPe. Silas Bruno Ferreira dos Santos<\/p>\n<\/li>\n<li id=\"sc-pane-3\">\n<p>Pra\u00e7a da Matriz \u2013 Qd. 10. \u2013 Lt. 10<br \/>\nCEP: 76250-000<br \/>\nTel.: (64) 3660-1000<br \/>\n<\/li>\n<li id=\"sc-pane-4\">\n<p>Rua 24 de Outubro S\/N<br \/>\nCep: 76.250-000 \u2013 Baliza-GO<br \/>\nEmail: paroquiablz2015@hotmail.Com<br \/>\nTel.: (64) 3660-1000<br \/>\n<\/li><\/ul><\/div>\n<div class=\"sc-tabs-wrap\"><ul class=\"sc-tabs\"><li class=\"active\"><a href=\"#\" data-id=\"1\">ADMINISTRA\u00c7\u00d5ES ANTERIORES<\/a><\/li><li><a href=\"#\" data-id=\"2\">COMUNIDADES URBANAS<\/a><\/li><li><a href=\"#\" data-id=\"3\">COMUNIDADES RURAIS<\/a><\/li><\/ul><ul class=\"sc-tabs-panes\"><li id=\"sc-pane-1\" class=\"active\"><\/li>\n<li id=\"sc-pane-2\">\n<p><strong>Capela Senhor Bom Jesus da Lapa<\/strong><br \/>\nMorrinho<br \/>\n<\/li>\n<li id=\"sc-pane-3\">\n<p><strong>Assentamento Bandeirante<\/strong><br \/>\n<strong>Comunidade S\u00e3o Jos\u00e9<\/strong><br \/>\n65 km da sede paroquial<br \/>\n<strong>Comunidade Santo Expedito<\/strong><br \/>\n55 km da sede paroquial<br \/>\n<strong>Regi\u00e3o das Tr\u00eas Marias<\/strong><br \/>\n80 km da sede paroquial<br \/>\n<strong>Comunidade Divino Pai Eterno<\/strong><br \/>\n45 km da sede paroquial<br \/>\n<strong>Comunidade \u00c1gua Branca<\/strong><br \/>\n45 km da sede paroquial<br \/>\n<strong>Comunidade da Agrovila<\/strong><br \/>\n95 km da sede paroquial<br \/>\n<strong>Comunidade do Palmital<\/strong><br \/>\n70 km da sede paroquial<br \/>\n<strong>Comunidade Serra N. Sra. Aparecida<\/strong><br \/>\n30 km da sede paroquial<br \/>\n<strong>Assentamento Bebedouro<\/strong><br \/>\n7 km da sede paroquial<br \/>\n<strong>Assentamento vale do Araguaia<\/strong><br \/>\n7 km da sede paroquial<br \/>\n<\/li><\/ul><\/div>[\/vc_column_text][\/vc_column][\/vc_row]\n","protected":false},"excerpt":{"rendered":"<p>[vc_row 0=&#8221;&#8221;][vc_column][vc_column_text 0=&#8221;&#8221;] [\/vc_column_text][\/vc_column][\/vc_row]<\/p>\n","protected":false},"author":2,"featured_media":16030,"parent":0,"menu_order":0,"comment_status":"closed","ping_status":"closed","template":"","meta":{"ub_ctt_via":"","footnotes":""},"class_list":["post-16028","page","type-page","status-publish","has-post-thumbnail"],"featured_image_src":"https:\/\/www.diocesesaoluis.org.br\/home\/wp-content\/uploads\/2023\/03\/baliza-igreja-matriz-de-so-sebastio_29744943907_o-1.jpeg","_links":{"self":[{"href":"https:\/\/www.diocesesaoluis.org.br\/home\/wp-json\/wp\/v2\/pages\/16028","targetHints":{"allow":["GET"]}}],"collection":[{"href":"https:\/\/www.diocesesaoluis.org.br\/home\/wp-json\/wp\/v2\/pages"}],"about":[{"href":"https:\/\/www.diocesesaoluis.org.br\/home\/wp-json\/wp\/v2\/types\/page"}],"author":[{"embeddable":true,"href":"https:\/\/www.diocesesaoluis.org.br\/home\/wp-json\/wp\/v2\/users\/2"}],"replies":[{"embeddable":true,"href":"https:\/\/www.diocesesaoluis.org.br\/home\/wp-json\/wp\/v2\/comments?post=16028"}],"version-history":[{"count":3,"href":"https:\/\/www.diocesesaoluis.org.br\/home\/wp-json\/wp\/v2\/pages\/16028\/revisions"}],"predecessor-version":[{"id":18782,"href":"https:\/\/www.diocesesaoluis.org.br\/home\/wp-json\/wp\/v2\/pages\/16028\/revisions\/18782"}],"wp:featuredmedia":[{"embeddable":true,"href":"https:\/\/www.diocesesaoluis.org.br\/home\/wp-json\/wp\/v2\/media\/16030"}],"wp:attachment":[{"href":"https:\/\/www.diocesesaoluis.org.br\/home\/wp-json\/wp\/v2\/media?parent=16028"}],"curies":[{"name":"wp","href":"https:\/\/api.w.org\/{rel}","templated":true}]}}