{"id":16007,"date":"2023-03-06T10:01:22","date_gmt":"2023-03-06T13:01:22","guid":{"rendered":"https:\/\/www.diocesesaoluis.org.br\/home\/?page_id=16007"},"modified":"2026-02-02T09:37:22","modified_gmt":"2026-02-02T12:37:22","slug":"paroquia-sao-joao-batista-bom-jardim-de-goias","status":"publish","type":"page","link":"https:\/\/www.diocesesaoluis.org.br\/home\/paroquia-sao-joao-batista-bom-jardim-de-goias\/","title":{"rendered":"Par\u00f3quia S\u00e3o Jo\u00e3o Batista &#8211; Bom Jardim de Goi\u00e1s"},"content":{"rendered":"[vc_row 0=&#8221;&#8221;][vc_column][vc_column_text 0=&#8221;&#8221;]<div class=\"sc-tabs-wrap\"><ul class=\"sc-tabs\"><li class=\"active\"><a href=\"#\" data-id=\"1\">Dados da par\u00f3quia<\/a><\/li><li><a href=\"#\" data-id=\"2\">Administra\u00e7\u00e3o<\/a><\/li><li><a href=\"#\" data-id=\"3\">Casa Paroquial<\/a><\/li><li><a href=\"#\" data-id=\"4\">Secretaria<\/a><\/li><\/ul><ul class=\"sc-tabs-panes\"><li id=\"sc-pane-1\" class=\"active\"><p>Data da Funda\u00e7\u00e3o: 03\/03\/1975<br \/>\nCNPJ: 01.226.927\/0007-00<br \/>\nPopula\u00e7\u00e3o: 8.423 hab.<br \/>\nDist\u00e2ncia da sede: 237,3 km<br \/>\n<\/li>\n<li id=\"sc-pane-2\">\n<p><strong>ADMINISTRADOR PAROQUIAL:<\/strong><br \/>\nPe. Silas Bruno Ferreira dos Santos<\/p>\n<\/li>\n<li id=\"sc-pane-3\">\n<p>Pra\u00e7a da Matriz, n\u00ba 365 \u2013 Centro<br \/>\nCEP: 76.245-000<br \/>\nBom Jardim de Goi\u00e1s-GO<br \/>\nTel.: (64) 3657-1153<br \/>\n<\/li>\n<li id=\"sc-pane-4\">\n<p>Pra\u00e7a da Matriz, n\u00ba 365 \u2013 Centro<br \/>\nCep: 76.245-000<br \/>\nBom Jardim de Goi\u00e1s-GO<br \/>\nTel.: (64) 99225-7841<br \/>\nEmail:paroquiabomjardimgo@hotmail.com<br \/>\n<\/li><\/ul><\/div>\n<div class=\"sc-tabs-wrap\"><ul class=\"sc-tabs\"><li class=\"active\"><a href=\"#\" data-id=\"1\">ADMINISTRA\u00c7\u00d5ES ANTERIORES<\/a><\/li><li><a href=\"#\" data-id=\"2\">COMUNIDADES URBANAS<\/a><\/li><li><a href=\"#\" data-id=\"3\">COMUNIDADES RURAIS<\/a><\/li><\/ul><ul class=\"sc-tabs-panes\"><li id=\"sc-pane-1\" class=\"active\"><p>1962 a 1973 \u2013 Pe. Vicente Tobben<br \/>\n1974 a 1978 \u2013 Pe. Quirino Piccoli<br \/>\n1978 a 2004 \u2013 Pe. Herm\u00f3genes Jo\u00e3o Scopel<br \/>\n2005 a 2007 \u2013 Pe. Messias Paes de Ara\u00fajo<br \/>\n2007 a 2012 \u2013 Pe. Giancarlo Regazzetti<br \/>\n2012 a 2018 &#8211; Pe. Fernando Rosa dos Santos<br \/>\n2018 a 2024 &#8211; Pe. Divino Monteiro de Oliveira<br \/>\n2024 a 2026 &#8211; Pe. Luiz Carlos F. Braga J\u00fanior<br \/>\n<\/li>\n<li id=\"sc-pane-2\">\n<p><strong>Capela Senhor Bom Jesus<\/strong><br \/>\nRua S\u00e3o Jo\u00e3o, N\u00ba 1.488 \u2013 St. Abra\u00e3o Abud<\/p>\n<p><strong>Capela Nossa Senhora Aparecida<\/strong><br \/>\nRua Rui Barbosa, S\/n\u00ba \u2013\u2013 Centro<\/p>\n<\/li>\n<li id=\"sc-pane-3\">\n<p><strong>Comunidade Regi\u00e3o dos Os\u00f3rios<\/strong><br \/>\nFazenda Regi\u00e3o dos Os\u00f3rios<br \/>\n<strong>Comunidade Capela Santa Luzia<\/strong><br \/>\nRegi\u00e3o da Capela Santa Luzia<br \/>\n<strong>Comunidade C\u00f3rrego das Mulas<\/strong><br \/>\nAssentamento Jair Exequiel<br \/>\n<strong>Comunidade Serra Negra<\/strong><br \/>\nFazenda Regi\u00e3o Serra Negra<br \/>\n<strong>Comunidade \u00c1gua Branca<\/strong><br \/>\nFazenda Regi\u00e3o da \u00c1gua Branca<br \/>\n<strong>Comunidade Assentamento Calif\u00f3rnia<\/strong><br \/>\nAssentamento Regi\u00e3o do Assentamento Calif\u00f3rnia<br \/>\n<strong>Comunidade Regi\u00e3o da Marianinha<\/strong><br \/>\nFazenda Regi\u00e3o da Marianinha<br \/>\n<strong>Comunidade Farinha Molhada<\/strong><br \/>\nFazenda Regi\u00e3o da Farinha Molhada<br \/>\n<strong>Comunidade Fruta Banana<\/strong><br \/>\nFazenda Regi\u00e3o da Fruta Banana<br \/>\n<strong>Comunidade Belos<\/strong><br \/>\nFazenda Regi\u00e3o dos Belos<br \/>\n<strong>Comunidade Mexerica e <\/strong><strong>Mic\u00eanio Moreira Belos<\/strong><br \/>\nAssentamento Regi\u00e3o da Mexerica e Mic\u00eanio Moreira<br \/>\n<strong>Comunidade Campo Formoso<\/strong><br \/>\nAssentamento Regi\u00e3o do Campo Formoso<br \/>\n<strong>Comunidade Nova Pousada<\/strong><br \/>\nAssentamento Regi\u00e3o da Nova Pousada<br \/>\nComunidade P. A. Novo Tempo<br \/>\n<strong>Assentamento Regi\u00e3o do P. A.<\/strong><br \/>\nNovo Tempo<br \/>\n<\/li><\/ul><\/div>[\/vc_column_text][\/vc_column][\/vc_row]\n","protected":false},"excerpt":{"rendered":"<p>[vc_row 0=&#8221;&#8221;][vc_column][vc_column_text 0=&#8221;&#8221;] [\/vc_column_text][\/vc_column][\/vc_row]<\/p>\n","protected":false},"author":2,"featured_media":8587,"parent":0,"menu_order":0,"comment_status":"closed","ping_status":"closed","template":"","meta":{"ub_ctt_via":"","footnotes":""},"class_list":["post-16007","page","type-page","status-publish","has-post-thumbnail"],"featured_image_src":"https:\/\/www.diocesesaoluis.org.br\/home\/wp-content\/uploads\/2020\/05\/IGREJA-BOM-JARDIM-e1516900857494-768x511-1.jpg","_links":{"self":[{"href":"https:\/\/www.diocesesaoluis.org.br\/home\/wp-json\/wp\/v2\/pages\/16007","targetHints":{"allow":["GET"]}}],"collection":[{"href":"https:\/\/www.diocesesaoluis.org.br\/home\/wp-json\/wp\/v2\/pages"}],"about":[{"href":"https:\/\/www.diocesesaoluis.org.br\/home\/wp-json\/wp\/v2\/types\/page"}],"author":[{"embeddable":true,"href":"https:\/\/www.diocesesaoluis.org.br\/home\/wp-json\/wp\/v2\/users\/2"}],"replies":[{"embeddable":true,"href":"https:\/\/www.diocesesaoluis.org.br\/home\/wp-json\/wp\/v2\/comments?post=16007"}],"version-history":[{"count":4,"href":"https:\/\/www.diocesesaoluis.org.br\/home\/wp-json\/wp\/v2\/pages\/16007\/revisions"}],"predecessor-version":[{"id":18781,"href":"https:\/\/www.diocesesaoluis.org.br\/home\/wp-json\/wp\/v2\/pages\/16007\/revisions\/18781"}],"wp:featuredmedia":[{"embeddable":true,"href":"https:\/\/www.diocesesaoluis.org.br\/home\/wp-json\/wp\/v2\/media\/8587"}],"wp:attachment":[{"href":"https:\/\/www.diocesesaoluis.org.br\/home\/wp-json\/wp\/v2\/media?parent=16007"}],"curies":[{"name":"wp","href":"https:\/\/api.w.org\/{rel}","templated":true}]}}