{"id":11621,"date":"2021-03-06T21:38:32","date_gmt":"2021-03-07T00:38:32","guid":{"rendered":"https:\/\/www.diocesesaoluis.org.br\/home\/?page_id=11621"},"modified":"2025-05-09T11:21:48","modified_gmt":"2025-05-09T14:21:48","slug":"conselho-presbiteral","status":"publish","type":"page","link":"https:\/\/www.diocesesaoluis.org.br\/home\/conselho-presbiteral\/","title":{"rendered":"Conselho Presbiteral"},"content":{"rendered":"\n<p><a href=\"http:\/\/www.diocesesaoluis.org.br\/home\/2020\/05\/07\/pe-ozaine-cardoso-vilela\/\" target=\"_blank\" rel=\"noreferrer noopener\"><strong>Pe. Ozaine Cardoso Vilela<\/strong><\/a> (Vig\u00e1rio Geral)<br><strong><a href=\"https:\/\/www.diocesesaoluis.org.br\/home\/2020\/05\/06\/pe-dionivaldo-rosa-pires\/\" target=\"_blank\" rel=\"noreferrer noopener\"><\/a><strong><a href=\"http:\/\/www.diocesesaoluis.org.br\/home\/2020\/05\/06\/pe-dionivaldo-rosa-pires\/\" target=\"_blank\" rel=\"noreferrer noopener\">Pe. Dionivaldo Rosa Pires<\/a><\/strong> <\/strong>(Coordenador de Pastoral)<br><a href=\"https:\/\/www.diocesesaoluis.org.br\/home\/pe-eduardo-farias-de-morais\/\" target=\"_blank\" rel=\"noreferrer noopener\"><strong>Pe. Eduardo Farias de Morais <\/strong><\/a>(Reitor do Semin\u00e1rio Maior)<br><strong><a href=\"http:\/\/www.diocesesaoluis.org.br\/home\/2020\/05\/07\/pe-manoel-rejane-viana\/\" data-type=\"link\" data-id=\"http:\/\/www.diocesesaoluis.org.br\/home\/2020\/05\/07\/pe-manoel-rejane-viana\/\" target=\"_blank\" rel=\"noreferrer noopener\">Pe. Manoel Rejane Viana<\/a><\/strong> (Vig\u00e1rio Episcopal)<br><strong><a href=\"http:\/\/www.diocesesaoluis.org.br\/home\/2020\/05\/07\/pe-nilton-jose-novato\/\" data-type=\"link\" data-id=\"http:\/\/www.diocesesaoluis.org.br\/home\/2020\/05\/07\/pe-nilton-jose-novato\/\" target=\"_blank\" rel=\"noreferrer noopener\">Pe. Nilton Jos\u00e9 Novato<\/a><\/strong> (Vig\u00e1rio Episcopal)<br><a href=\"https:\/\/www.diocesesaoluis.org.br\/home\/pe-joao-aurelio-almeida-alves\/\" data-type=\"link\" data-id=\"https:\/\/www.diocesesaoluis.org.br\/home\/pe-joao-aurelio-almeida-alves\/\" target=\"_blank\" rel=\"noreferrer noopener\"><strong>Pe. Jo\u00e3o Aur\u00e9lio de Almeida Alves<\/strong><\/a> (Vig\u00e1rio For\u00e2neo)<br><a href=\"https:\/\/www.diocesesaoluis.org.br\/home\/2020\/04\/29\/padre-marcus-vinicius-alves-santiago\/\" data-type=\"link\" data-id=\"https:\/\/www.diocesesaoluis.org.br\/home\/2020\/04\/29\/padre-marcus-vinicius-alves-santiago\/\" target=\"_blank\" rel=\"noreferrer noopener\"><strong>Pe. Marcus Vin\u00edcius Alves Santiago<\/strong><\/a> (Vig\u00e1rio For\u00e2neo)<br><a href=\"http:\/\/www.diocesesaoluis.org.br\/home\/2020\/05\/07\/pe-pablo-henrique-de-faria\/\" target=\"_blank\" rel=\"noreferrer noopener\"><strong>Pe. Tarc\u00edlio Jos\u00e9 da Maia, CP.<\/strong><\/a> (Vig\u00e1rio For\u00e2neo)<br><strong><a href=\"https:\/\/www.diocesesaoluis.org.br\/home\/pe-warley-barbosa-de-oliveira\/\" data-type=\"link\" data-id=\"https:\/\/www.diocesesaoluis.org.br\/home\/pe-warley-barbosa-de-oliveira\/\">Pe. Warley Barbosa de Oliveira<\/a><\/strong> (Vig\u00e1rio For\u00e2neo)<strong><br><a href=\"http:\/\/www.diocesesaoluis.org.br\/home\/2020\/05\/06\/pe-geraldo-pereira-neto\/\" target=\"_blank\" rel=\"noreferrer noopener\">Pe. Geraldo Pereira Neto<\/a><\/strong><br><a href=\"https:\/\/www.diocesesaoluis.org.br\/home\/2020\/05\/07\/pe-wallison-rodrigues-da-silva\/\" target=\"_blank\" rel=\"noreferrer noopener\"><strong>Pe. Wallison Rodrigues da Silva<\/strong><\/a> (Ec\u00f4nomo diocesano)<br><br><\/p>\n","protected":false},"excerpt":{"rendered":"<p>Pe. Ozaine Cardoso Vilela (Vig\u00e1rio Geral)Pe. Dionivaldo Rosa Pires (Coordenador de Pastoral)Pe. Eduardo Farias de Morais (Reitor do Semin\u00e1rio Maior)Pe. Manoel Rejane Viana (Vig\u00e1rio Episcopal)Pe. Nilton Jos\u00e9 Novato (Vig\u00e1rio Episcopal)Pe. Jo\u00e3o Aur\u00e9lio de Almeida Alves (Vig\u00e1rio For\u00e2neo)Pe. Marcus Vin\u00edcius Alves Santiago (Vig\u00e1rio For\u00e2neo)Pe. Tarc\u00edlio Jos\u00e9 da Maia, CP. (Vig\u00e1rio For\u00e2neo)Pe. Warley Barbosa de Oliveira (Vig\u00e1rio<span class=\"read-more arrow\"><a href=\"https:\/\/www.diocesesaoluis.org.br\/home\/conselho-presbiteral\/\" title=\"Read More\">&rarr;<\/a><\/span><\/p>\n","protected":false},"author":2,"featured_media":0,"parent":0,"menu_order":0,"comment_status":"closed","ping_status":"closed","template":"","meta":{"ub_ctt_via":"","footnotes":""},"class_list":["post-11621","page","type-page","status-publish"],"featured_image_src":null,"_links":{"self":[{"href":"https:\/\/www.diocesesaoluis.org.br\/home\/wp-json\/wp\/v2\/pages\/11621","targetHints":{"allow":["GET"]}}],"collection":[{"href":"https:\/\/www.diocesesaoluis.org.br\/home\/wp-json\/wp\/v2\/pages"}],"about":[{"href":"https:\/\/www.diocesesaoluis.org.br\/home\/wp-json\/wp\/v2\/types\/page"}],"author":[{"embeddable":true,"href":"https:\/\/www.diocesesaoluis.org.br\/home\/wp-json\/wp\/v2\/users\/2"}],"replies":[{"embeddable":true,"href":"https:\/\/www.diocesesaoluis.org.br\/home\/wp-json\/wp\/v2\/comments?post=11621"}],"version-history":[{"count":8,"href":"https:\/\/www.diocesesaoluis.org.br\/home\/wp-json\/wp\/v2\/pages\/11621\/revisions"}],"predecessor-version":[{"id":18444,"href":"https:\/\/www.diocesesaoluis.org.br\/home\/wp-json\/wp\/v2\/pages\/11621\/revisions\/18444"}],"wp:attachment":[{"href":"https:\/\/www.diocesesaoluis.org.br\/home\/wp-json\/wp\/v2\/media?parent=11621"}],"curies":[{"name":"wp","href":"https:\/\/api.w.org\/{rel}","templated":true}]}}